{"id":3530,"date":"2019-04-17T16:40:44","date_gmt":"2019-04-17T14:40:44","guid":{"rendered":"https:\/\/www.festivalchairs.com\/klant\/women-inc\/"},"modified":"2020-01-27T11:01:45","modified_gmt":"2020-01-27T10:01:45","slug":"women-inc","status":"publish","type":"klant","link":"https:\/\/www.festivalchairs.com\/da\/klant\/women-inc\/","title":{"rendered":"Women Inc"},"content":{"rendered":"","protected":false},"template":"","class_list":["post-3530","klant","type-klant","status-publish","hentry"],"acf":[],"yoast_head":"<!-- This site is optimized with the Yoast SEO plugin v27.5 - https:\/\/yoast.com\/product\/yoast-seo-wordpress\/ -->\n<title>WOMEN Inc. zet FestivalChairs in voor grootst event<\/title>\n<meta name=\"description\" content=\"WOMEN Inc. zette afgelopen voorjaar met veel succes de FestivalChair in op een evenement in de Fabrique in Maarssen waar Koningin Maxima te gast was.\" \/>\n<meta name=\"robots\" content=\"noindex, follow\" \/>\n<meta property=\"og:locale\" content=\"da_DK\" \/>\n<meta property=\"og:type\" content=\"article\" \/>\n<meta property=\"og:title\" content=\"WOMEN Inc. zet FestivalChairs in voor grootst event\" \/>\n<meta property=\"og:description\" content=\"WOMEN Inc. zette afgelopen voorjaar met veel succes de FestivalChair in op een evenement in de Fabrique in Maarssen waar Koningin Maxima te gast was.\" \/>\n<meta property=\"og:url\" content=\"https:\/\/www.festivalchairs.com\/da\/klant\/women-inc\/\" \/>\n<meta property=\"og:site_name\" content=\"FestivalChairs\" \/>\n<meta property=\"article:publisher\" content=\"https:\/\/www.facebook.com\/festivalchairs\/\" \/>\n<meta property=\"article:modified_time\" content=\"2020-01-27T10:01:45+00:00\" \/>\n<meta name=\"twitter:card\" content=\"summary_large_image\" \/>\n<meta name=\"twitter:site\" content=\"@festivalchairs\" \/>\n<script type=\"application\/ld+json\" class=\"yoast-schema-graph\">{\"@context\":\"https:\\\/\\\/schema.org\",\"@graph\":[{\"@type\":\"WebPage\",\"@id\":\"https:\\\/\\\/www.festivalchairs.com\\\/da\\\/klant\\\/women-inc\\\/\",\"url\":\"https:\\\/\\\/www.festivalchairs.com\\\/da\\\/klant\\\/women-inc\\\/\",\"name\":\"WOMEN Inc. zet FestivalChairs in voor grootst event\",\"isPartOf\":{\"@id\":\"https:\\\/\\\/www.festivalchairs.com\\\/da\\\/#website\"},\"datePublished\":\"2019-04-17T14:40:44+00:00\",\"dateModified\":\"2020-01-27T10:01:45+00:00\",\"description\":\"WOMEN Inc. zette afgelopen voorjaar met veel succes de FestivalChair in op een evenement in de Fabrique in Maarssen waar Koningin Maxima te gast was.\",\"breadcrumb\":{\"@id\":\"https:\\\/\\\/www.festivalchairs.com\\\/da\\\/klant\\\/women-inc\\\/#breadcrumb\"},\"inLanguage\":\"da-DK\",\"potentialAction\":[{\"@type\":\"ReadAction\",\"target\":[\"https:\\\/\\\/www.festivalchairs.com\\\/da\\\/klant\\\/women-inc\\\/\"]}]},{\"@type\":\"BreadcrumbList\",\"@id\":\"https:\\\/\\\/www.festivalchairs.com\\\/da\\\/klant\\\/women-inc\\\/#breadcrumb\",\"itemListElement\":[{\"@type\":\"ListItem\",\"position\":1,\"name\":\"Home\",\"item\":\"https:\\\/\\\/festivalchairs.com\\\/da\\\/\"},{\"@type\":\"ListItem\",\"position\":2,\"name\":\"Klanten\",\"item\":\"https:\\\/\\\/www.festivalchairs.com\\\/da\\\/klant\\\/\"},{\"@type\":\"ListItem\",\"position\":3,\"name\":\"Women Inc\"}]},{\"@type\":\"WebSite\",\"@id\":\"https:\\\/\\\/www.festivalchairs.com\\\/da\\\/#website\",\"url\":\"https:\\\/\\\/www.festivalchairs.com\\\/da\\\/\",\"name\":\"FestivalChairs\",\"description\":\"Het krukje dat iedereen ziet zitten!\",\"publisher\":{\"@id\":\"https:\\\/\\\/www.festivalchairs.com\\\/da\\\/#organization\"},\"potentialAction\":[{\"@type\":\"SearchAction\",\"target\":{\"@type\":\"EntryPoint\",\"urlTemplate\":\"https:\\\/\\\/www.festivalchairs.com\\\/da\\\/?s={search_term_string}\"},\"query-input\":{\"@type\":\"PropertyValueSpecification\",\"valueRequired\":true,\"valueName\":\"search_term_string\"}}],\"inLanguage\":\"da-DK\"},{\"@type\":\"Organization\",\"@id\":\"https:\\\/\\\/www.festivalchairs.com\\\/da\\\/#organization\",\"name\":\"FestivalChairs\",\"url\":\"https:\\\/\\\/www.festivalchairs.com\\\/da\\\/\",\"logo\":{\"@type\":\"ImageObject\",\"inLanguage\":\"da-DK\",\"@id\":\"https:\\\/\\\/www.festivalchairs.com\\\/da\\\/#\\\/schema\\\/logo\\\/image\\\/\",\"url\":\"https:\\\/\\\/www.festivalchairs.com\\\/app\\\/uploads\\\/2020\\\/01\\\/logo-en-light-hd.png\",\"contentUrl\":\"https:\\\/\\\/www.festivalchairs.com\\\/app\\\/uploads\\\/2020\\\/01\\\/logo-en-light-hd.png\",\"width\":458,\"height\":64,\"caption\":\"FestivalChairs\"},\"image\":{\"@id\":\"https:\\\/\\\/www.festivalchairs.com\\\/da\\\/#\\\/schema\\\/logo\\\/image\\\/\"},\"sameAs\":[\"https:\\\/\\\/www.facebook.com\\\/festivalchairs\\\/\",\"https:\\\/\\\/x.com\\\/festivalchairs\",\"https:\\\/\\\/www.youtube.com\\\/user\\\/FestivalChairs\"]}]}<\/script>\n<!-- \/ Yoast SEO plugin. -->","yoast_head_json":{"title":"WOMEN Inc. zet FestivalChairs in voor grootst event","description":"WOMEN Inc. zette afgelopen voorjaar met veel succes de FestivalChair in op een evenement in de Fabrique in Maarssen waar Koningin Maxima te gast was.","robots":{"index":"noindex","follow":"follow"},"og_locale":"da_DK","og_type":"article","og_title":"WOMEN Inc. zet FestivalChairs in voor grootst event","og_description":"WOMEN Inc. zette afgelopen voorjaar met veel succes de FestivalChair in op een evenement in de Fabrique in Maarssen waar Koningin Maxima te gast was.","og_url":"https:\/\/www.festivalchairs.com\/da\/klant\/women-inc\/","og_site_name":"FestivalChairs","article_publisher":"https:\/\/www.facebook.com\/festivalchairs\/","article_modified_time":"2020-01-27T10:01:45+00:00","twitter_card":"summary_large_image","twitter_site":"@festivalchairs","schema":{"@context":"https:\/\/schema.org","@graph":[{"@type":"WebPage","@id":"https:\/\/www.festivalchairs.com\/da\/klant\/women-inc\/","url":"https:\/\/www.festivalchairs.com\/da\/klant\/women-inc\/","name":"WOMEN Inc. zet FestivalChairs in voor grootst event","isPartOf":{"@id":"https:\/\/www.festivalchairs.com\/da\/#website"},"datePublished":"2019-04-17T14:40:44+00:00","dateModified":"2020-01-27T10:01:45+00:00","description":"WOMEN Inc. zette afgelopen voorjaar met veel succes de FestivalChair in op een evenement in de Fabrique in Maarssen waar Koningin Maxima te gast was.","breadcrumb":{"@id":"https:\/\/www.festivalchairs.com\/da\/klant\/women-inc\/#breadcrumb"},"inLanguage":"da-DK","potentialAction":[{"@type":"ReadAction","target":["https:\/\/www.festivalchairs.com\/da\/klant\/women-inc\/"]}]},{"@type":"BreadcrumbList","@id":"https:\/\/www.festivalchairs.com\/da\/klant\/women-inc\/#breadcrumb","itemListElement":[{"@type":"ListItem","position":1,"name":"Home","item":"https:\/\/festivalchairs.com\/da\/"},{"@type":"ListItem","position":2,"name":"Klanten","item":"https:\/\/www.festivalchairs.com\/da\/klant\/"},{"@type":"ListItem","position":3,"name":"Women Inc"}]},{"@type":"WebSite","@id":"https:\/\/www.festivalchairs.com\/da\/#website","url":"https:\/\/www.festivalchairs.com\/da\/","name":"FestivalChairs","description":"Het krukje dat iedereen ziet zitten!","publisher":{"@id":"https:\/\/www.festivalchairs.com\/da\/#organization"},"potentialAction":[{"@type":"SearchAction","target":{"@type":"EntryPoint","urlTemplate":"https:\/\/www.festivalchairs.com\/da\/?s={search_term_string}"},"query-input":{"@type":"PropertyValueSpecification","valueRequired":true,"valueName":"search_term_string"}}],"inLanguage":"da-DK"},{"@type":"Organization","@id":"https:\/\/www.festivalchairs.com\/da\/#organization","name":"FestivalChairs","url":"https:\/\/www.festivalchairs.com\/da\/","logo":{"@type":"ImageObject","inLanguage":"da-DK","@id":"https:\/\/www.festivalchairs.com\/da\/#\/schema\/logo\/image\/","url":"https:\/\/www.festivalchairs.com\/app\/uploads\/2020\/01\/logo-en-light-hd.png","contentUrl":"https:\/\/www.festivalchairs.com\/app\/uploads\/2020\/01\/logo-en-light-hd.png","width":458,"height":64,"caption":"FestivalChairs"},"image":{"@id":"https:\/\/www.festivalchairs.com\/da\/#\/schema\/logo\/image\/"},"sameAs":["https:\/\/www.facebook.com\/festivalchairs\/","https:\/\/x.com\/festivalchairs","https:\/\/www.youtube.com\/user\/FestivalChairs"]}]}},"custom_fields":{"content":"<p>FestivalChair har v\u00e6ret p\u00e5 markedet l\u00e6nge, \u200b\u200bmen vi bliver stadig overrasket over de inspirerende events hos vores kunder. M\u00f8det hos WOMEN Inc. som fandt sted sidste for\u00e5r i Fabrique i Maarssen er et eksempel p\u00e5 en s\u00e5dan vidunderlig begivenhed. WOMEN Inc. har siden 2005 v\u00e6ret netv\u00e6rket for alle kvinder, der \u00f8nsker at styrke sig selv og hinanden og derved mulighederne for alle kvinder i Holland.<\/p>\n<p>I en propfuld hal, hvor en smuk blanding af arbejdsgivere, beslutningstagere, m\u00e6nd og kvinder kom sammen for at tale om en ny fordeling af omsorg og arbejde, blev FestivalChair indsat. Skamlen blev taget med til de forskellige plenarm\u00f8der og fungerede som en uformel siddeplads. Der blev lavet smukke anbefalinger for Hollands fremtid, og dagen blev afsluttet med en imponerende tale af dronning M\u00e1xima.<\/p>\n","details":[{"item":"Kunde: Women Inc"},{"item":"Fotografi: Rebke Klokke"},{"item":"Trykningsteknik: Fuld farve"},{"item":"Format: Classic"}],"chair_image":{"ID":3384,"id":3384,"title":"FC-WomenInc-Vrijstaander","filename":"FC-WomenInc-Vrijstaander.png","filesize":35802,"url":"https:\/\/www.festivalchairs.com\/app\/uploads\/2019\/04\/FC-WomenInc-Vrijstaander.png","link":"https:\/\/www.festivalchairs.com\/da\/klant\/women-inc\/fc-womeninc-vrijstaander\/","alt":"","author":"1","description":"","caption":"","name":"fc-womeninc-vrijstaander","status":"inherit","uploaded_to":3530,"date":"2019-09-18 08:58:55","modified":"2019-09-18 08:58:55","menu_order":0,"mime_type":"image\/png","type":"image","subtype":"png","icon":"https:\/\/www.festivalchairs.com\/wp-includes\/images\/media\/default.png","width":496,"height":530,"sizes":{"thumbnail":"https:\/\/www.festivalchairs.com\/app\/uploads\/2019\/04\/FC-WomenInc-Vrijstaander-390x390.png","thumbnail-width":390,"thumbnail-height":390,"medium":"https:\/\/www.festivalchairs.com\/app\/uploads\/2019\/04\/FC-WomenInc-Vrijstaander.png","medium-width":496,"medium-height":530,"medium_large":"https:\/\/www.festivalchairs.com\/app\/uploads\/2019\/04\/FC-WomenInc-Vrijstaander.png","medium_large-width":496,"medium_large-height":530,"large":"https:\/\/www.festivalchairs.com\/app\/uploads\/2019\/04\/FC-WomenInc-Vrijstaander.png","large-width":496,"large-height":530,"1536x1536":"https:\/\/www.festivalchairs.com\/app\/uploads\/2019\/04\/FC-WomenInc-Vrijstaander.png","1536x1536-width":496,"1536x1536-height":530,"2048x2048":"https:\/\/www.festivalchairs.com\/app\/uploads\/2019\/04\/FC-WomenInc-Vrijstaander.png","2048x2048-width":496,"2048x2048-height":530,"xlarge":"https:\/\/www.festivalchairs.com\/app\/uploads\/2019\/04\/FC-WomenInc-Vrijstaander.png","xlarge-width":496,"xlarge-height":530,"small":"https:\/\/www.festivalchairs.com\/app\/uploads\/2019\/04\/FC-WomenInc-Vrijstaander.png","small-width":374,"small-height":400,"gform-image-choice-sm":"https:\/\/www.festivalchairs.com\/app\/uploads\/2019\/04\/FC-WomenInc-Vrijstaander.png","gform-image-choice-sm-width":281,"gform-image-choice-sm-height":300,"gform-image-choice-md":"https:\/\/www.festivalchairs.com\/app\/uploads\/2019\/04\/FC-WomenInc-Vrijstaander.png","gform-image-choice-md-width":374,"gform-image-choice-md-height":400,"gform-image-choice-lg":"https:\/\/www.festivalchairs.com\/app\/uploads\/2019\/04\/FC-WomenInc-Vrijstaander.png","gform-image-choice-lg-width":496,"gform-image-choice-lg-height":530}},"images":[{"ID":3383,"id":3383,"title":"WomenInc-2015-1","filename":"WomenInc-2015-1.jpg","filesize":90402,"url":"https:\/\/www.festivalchairs.com\/app\/uploads\/2019\/04\/WomenInc-2015-1.jpg","link":"https:\/\/www.festivalchairs.com\/da\/klant\/women-inc\/womeninc-2015-1\/","alt":"","author":"1","description":"","caption":"","name":"womeninc-2015-1","status":"inherit","uploaded_to":3530,"date":"2019-09-18 08:58:52","modified":"2019-09-18 08:58:52","menu_order":0,"mime_type":"image\/jpeg","type":"image","subtype":"jpeg","icon":"https:\/\/www.festivalchairs.com\/wp-includes\/images\/media\/default.png","width":750,"height":750,"sizes":{"thumbnail":"https:\/\/www.festivalchairs.com\/app\/uploads\/2019\/04\/WomenInc-2015-1-390x390.jpg","thumbnail-width":390,"thumbnail-height":390,"medium":"https:\/\/www.festivalchairs.com\/app\/uploads\/2019\/04\/WomenInc-2015-1.jpg","medium-width":750,"medium-height":750,"medium_large":"https:\/\/www.festivalchairs.com\/app\/uploads\/2019\/04\/WomenInc-2015-1.jpg","medium_large-width":750,"medium_large-height":750,"large":"https:\/\/www.festivalchairs.com\/app\/uploads\/2019\/04\/WomenInc-2015-1.jpg","large-width":750,"large-height":750,"1536x1536":"https:\/\/www.festivalchairs.com\/app\/uploads\/2019\/04\/WomenInc-2015-1.jpg","1536x1536-width":750,"1536x1536-height":750,"2048x2048":"https:\/\/www.festivalchairs.com\/app\/uploads\/2019\/04\/WomenInc-2015-1.jpg","2048x2048-width":750,"2048x2048-height":750,"xlarge":"https:\/\/www.festivalchairs.com\/app\/uploads\/2019\/04\/WomenInc-2015-1.jpg","xlarge-width":750,"xlarge-height":750,"small":"https:\/\/www.festivalchairs.com\/app\/uploads\/2019\/04\/WomenInc-2015-1.jpg","small-width":400,"small-height":400,"gform-image-choice-sm":"https:\/\/www.festivalchairs.com\/app\/uploads\/2019\/04\/WomenInc-2015-1.jpg","gform-image-choice-sm-width":300,"gform-image-choice-sm-height":300,"gform-image-choice-md":"https:\/\/www.festivalchairs.com\/app\/uploads\/2019\/04\/WomenInc-2015-1.jpg","gform-image-choice-md-width":400,"gform-image-choice-md-height":400,"gform-image-choice-lg":"https:\/\/www.festivalchairs.com\/app\/uploads\/2019\/04\/WomenInc-2015-1.jpg","gform-image-choice-lg-width":600,"gform-image-choice-lg-height":600}},{"ID":3382,"id":3382,"title":"WomenInc-2015-2","filename":"WomenInc-2015-2.jpg","filesize":72838,"url":"https:\/\/www.festivalchairs.com\/app\/uploads\/2019\/04\/WomenInc-2015-2.jpg","link":"https:\/\/www.festivalchairs.com\/da\/klant\/women-inc\/womeninc-2015-2\/","alt":"","author":"1","description":"","caption":"","name":"womeninc-2015-2","status":"inherit","uploaded_to":3530,"date":"2019-09-18 08:58:50","modified":"2019-09-18 08:58:50","menu_order":0,"mime_type":"image\/jpeg","type":"image","subtype":"jpeg","icon":"https:\/\/www.festivalchairs.com\/wp-includes\/images\/media\/default.png","width":750,"height":501,"sizes":{"thumbnail":"https:\/\/www.festivalchairs.com\/app\/uploads\/2019\/04\/WomenInc-2015-2-390x390.jpg","thumbnail-width":390,"thumbnail-height":390,"medium":"https:\/\/www.festivalchairs.com\/app\/uploads\/2019\/04\/WomenInc-2015-2.jpg","medium-width":750,"medium-height":501,"medium_large":"https:\/\/www.festivalchairs.com\/app\/uploads\/2019\/04\/WomenInc-2015-2.jpg","medium_large-width":750,"medium_large-height":501,"large":"https:\/\/www.festivalchairs.com\/app\/uploads\/2019\/04\/WomenInc-2015-2.jpg","large-width":750,"large-height":501,"1536x1536":"https:\/\/www.festivalchairs.com\/app\/uploads\/2019\/04\/WomenInc-2015-2.jpg","1536x1536-width":750,"1536x1536-height":501,"2048x2048":"https:\/\/www.festivalchairs.com\/app\/uploads\/2019\/04\/WomenInc-2015-2.jpg","2048x2048-width":750,"2048x2048-height":501,"xlarge":"https:\/\/www.festivalchairs.com\/app\/uploads\/2019\/04\/WomenInc-2015-2.jpg","xlarge-width":750,"xlarge-height":501,"small":"https:\/\/www.festivalchairs.com\/app\/uploads\/2019\/04\/WomenInc-2015-2.jpg","small-width":400,"small-height":267,"gform-image-choice-sm":"https:\/\/www.festivalchairs.com\/app\/uploads\/2019\/04\/WomenInc-2015-2.jpg","gform-image-choice-sm-width":300,"gform-image-choice-sm-height":200,"gform-image-choice-md":"https:\/\/www.festivalchairs.com\/app\/uploads\/2019\/04\/WomenInc-2015-2.jpg","gform-image-choice-md-width":400,"gform-image-choice-md-height":267,"gform-image-choice-lg":"https:\/\/www.festivalchairs.com\/app\/uploads\/2019\/04\/WomenInc-2015-2.jpg","gform-image-choice-lg-width":600,"gform-image-choice-lg-height":401}},{"ID":3381,"id":3381,"title":"WomenInc-2015-3","filename":"WomenInc-2015-3.jpg","filesize":97048,"url":"https:\/\/www.festivalchairs.com\/app\/uploads\/2019\/04\/WomenInc-2015-3.jpg","link":"https:\/\/www.festivalchairs.com\/da\/klant\/women-inc\/womeninc-2015-3\/","alt":"","author":"1","description":"","caption":"","name":"womeninc-2015-3","status":"inherit","uploaded_to":3530,"date":"2019-09-18 08:58:46","modified":"2019-09-18 08:58:46","menu_order":0,"mime_type":"image\/jpeg","type":"image","subtype":"jpeg","icon":"https:\/\/www.festivalchairs.com\/wp-includes\/images\/media\/default.png","width":750,"height":750,"sizes":{"thumbnail":"https:\/\/www.festivalchairs.com\/app\/uploads\/2019\/04\/WomenInc-2015-3-390x390.jpg","thumbnail-width":390,"thumbnail-height":390,"medium":"https:\/\/www.festivalchairs.com\/app\/uploads\/2019\/04\/WomenInc-2015-3.jpg","medium-width":750,"medium-height":750,"medium_large":"https:\/\/www.festivalchairs.com\/app\/uploads\/2019\/04\/WomenInc-2015-3.jpg","medium_large-width":750,"medium_large-height":750,"large":"https:\/\/www.festivalchairs.com\/app\/uploads\/2019\/04\/WomenInc-2015-3.jpg","large-width":750,"large-height":750,"1536x1536":"https:\/\/www.festivalchairs.com\/app\/uploads\/2019\/04\/WomenInc-2015-3.jpg","1536x1536-width":750,"1536x1536-height":750,"2048x2048":"https:\/\/www.festivalchairs.com\/app\/uploads\/2019\/04\/WomenInc-2015-3.jpg","2048x2048-width":750,"2048x2048-height":750,"xlarge":"https:\/\/www.festivalchairs.com\/app\/uploads\/2019\/04\/WomenInc-2015-3.jpg","xlarge-width":750,"xlarge-height":750,"small":"https:\/\/www.festivalchairs.com\/app\/uploads\/2019\/04\/WomenInc-2015-3.jpg","small-width":400,"small-height":400,"gform-image-choice-sm":"https:\/\/www.festivalchairs.com\/app\/uploads\/2019\/04\/WomenInc-2015-3.jpg","gform-image-choice-sm-width":300,"gform-image-choice-sm-height":300,"gform-image-choice-md":"https:\/\/www.festivalchairs.com\/app\/uploads\/2019\/04\/WomenInc-2015-3.jpg","gform-image-choice-md-width":400,"gform-image-choice-md-height":400,"gform-image-choice-lg":"https:\/\/www.festivalchairs.com\/app\/uploads\/2019\/04\/WomenInc-2015-3.jpg","gform-image-choice-lg-width":600,"gform-image-choice-lg-height":600}},{"ID":3320,"id":3320,"title":"KleinerWomenInc-2015-9","filename":"KleinerWomenInc-2015-9.jpg","filesize":34563,"url":"https:\/\/www.festivalchairs.com\/app\/uploads\/2019\/04\/KleinerWomenInc-2015-9.jpg","link":"https:\/\/www.festivalchairs.com\/da\/klant\/women-inc\/kleinerwomeninc-2015-9\/","alt":"","author":"1","description":"","caption":"","name":"kleinerwomeninc-2015-9","status":"inherit","uploaded_to":3530,"date":"2019-09-18 08:55:37","modified":"2019-09-18 08:55:37","menu_order":0,"mime_type":"image\/jpeg","type":"image","subtype":"jpeg","icon":"https:\/\/www.festivalchairs.com\/wp-includes\/images\/media\/default.png","width":645,"height":476,"sizes":{"thumbnail":"https:\/\/www.festivalchairs.com\/app\/uploads\/2019\/04\/KleinerWomenInc-2015-9-390x390.jpg","thumbnail-width":390,"thumbnail-height":390,"medium":"https:\/\/www.festivalchairs.com\/app\/uploads\/2019\/04\/KleinerWomenInc-2015-9.jpg","medium-width":645,"medium-height":476,"medium_large":"https:\/\/www.festivalchairs.com\/app\/uploads\/2019\/04\/KleinerWomenInc-2015-9.jpg","medium_large-width":645,"medium_large-height":476,"large":"https:\/\/www.festivalchairs.com\/app\/uploads\/2019\/04\/KleinerWomenInc-2015-9.jpg","large-width":645,"large-height":476,"1536x1536":"https:\/\/www.festivalchairs.com\/app\/uploads\/2019\/04\/KleinerWomenInc-2015-9.jpg","1536x1536-width":645,"1536x1536-height":476,"2048x2048":"https:\/\/www.festivalchairs.com\/app\/uploads\/2019\/04\/KleinerWomenInc-2015-9.jpg","2048x2048-width":645,"2048x2048-height":476,"xlarge":"https:\/\/www.festivalchairs.com\/app\/uploads\/2019\/04\/KleinerWomenInc-2015-9.jpg","xlarge-width":645,"xlarge-height":476,"small":"https:\/\/www.festivalchairs.com\/app\/uploads\/2019\/04\/KleinerWomenInc-2015-9.jpg","small-width":400,"small-height":295,"gform-image-choice-sm":"https:\/\/www.festivalchairs.com\/app\/uploads\/2019\/04\/KleinerWomenInc-2015-9.jpg","gform-image-choice-sm-width":300,"gform-image-choice-sm-height":221,"gform-image-choice-md":"https:\/\/www.festivalchairs.com\/app\/uploads\/2019\/04\/KleinerWomenInc-2015-9.jpg","gform-image-choice-md-width":400,"gform-image-choice-md-height":295,"gform-image-choice-lg":"https:\/\/www.festivalchairs.com\/app\/uploads\/2019\/04\/KleinerWomenInc-2015-9.jpg","gform-image-choice-lg-width":600,"gform-image-choice-lg-height":443}},{"ID":3379,"id":3379,"title":"WomenInc-2015-10","filename":"WomenInc-2015-10.jpg","filesize":63960,"url":"https:\/\/www.festivalchairs.com\/app\/uploads\/2019\/04\/WomenInc-2015-10.jpg","link":"https:\/\/www.festivalchairs.com\/da\/klant\/women-inc\/womeninc-2015-10\/","alt":"","author":"1","description":"","caption":"","name":"womeninc-2015-10","status":"inherit","uploaded_to":3530,"date":"2019-09-18 08:58:42","modified":"2019-09-18 08:58:42","menu_order":0,"mime_type":"image\/jpeg","type":"image","subtype":"jpeg","icon":"https:\/\/www.festivalchairs.com\/wp-includes\/images\/media\/default.png","width":750,"height":501,"sizes":{"thumbnail":"https:\/\/www.festivalchairs.com\/app\/uploads\/2019\/04\/WomenInc-2015-10-390x390.jpg","thumbnail-width":390,"thumbnail-height":390,"medium":"https:\/\/www.festivalchairs.com\/app\/uploads\/2019\/04\/WomenInc-2015-10.jpg","medium-width":750,"medium-height":501,"medium_large":"https:\/\/www.festivalchairs.com\/app\/uploads\/2019\/04\/WomenInc-2015-10.jpg","medium_large-width":750,"medium_large-height":501,"large":"https:\/\/www.festivalchairs.com\/app\/uploads\/2019\/04\/WomenInc-2015-10.jpg","large-width":750,"large-height":501,"1536x1536":"https:\/\/www.festivalchairs.com\/app\/uploads\/2019\/04\/WomenInc-2015-10.jpg","1536x1536-width":750,"1536x1536-height":501,"2048x2048":"https:\/\/www.festivalchairs.com\/app\/uploads\/2019\/04\/WomenInc-2015-10.jpg","2048x2048-width":750,"2048x2048-height":501,"xlarge":"https:\/\/www.festivalchairs.com\/app\/uploads\/2019\/04\/WomenInc-2015-10.jpg","xlarge-width":750,"xlarge-height":501,"small":"https:\/\/www.festivalchairs.com\/app\/uploads\/2019\/04\/WomenInc-2015-10.jpg","small-width":400,"small-height":267,"gform-image-choice-sm":"https:\/\/www.festivalchairs.com\/app\/uploads\/2019\/04\/WomenInc-2015-10.jpg","gform-image-choice-sm-width":300,"gform-image-choice-sm-height":200,"gform-image-choice-md":"https:\/\/www.festivalchairs.com\/app\/uploads\/2019\/04\/WomenInc-2015-10.jpg","gform-image-choice-md-width":400,"gform-image-choice-md-height":267,"gform-image-choice-lg":"https:\/\/www.festivalchairs.com\/app\/uploads\/2019\/04\/WomenInc-2015-10.jpg","gform-image-choice-lg-width":600,"gform-image-choice-lg-height":401}}],"logo":{"ID":3378,"id":3378,"title":"logo.small","filename":"logo.small_.png","filesize":1568,"url":"https:\/\/www.festivalchairs.com\/app\/uploads\/2019\/04\/logo.small_.png","link":"https:\/\/www.festivalchairs.com\/da\/klant\/women-inc\/logo-small\/","alt":"","author":"1","description":"","caption":"","name":"logo-small","status":"inherit","uploaded_to":3530,"date":"2019-09-18 08:58:39","modified":"2019-09-18 08:58:39","menu_order":0,"mime_type":"image\/png","type":"image","subtype":"png","icon":"https:\/\/www.festivalchairs.com\/wp-includes\/images\/media\/default.png","width":143,"height":85,"sizes":{"thumbnail":"https:\/\/www.festivalchairs.com\/app\/uploads\/2019\/04\/logo.small_.png","thumbnail-width":143,"thumbnail-height":85,"medium":"https:\/\/www.festivalchairs.com\/app\/uploads\/2019\/04\/logo.small_.png","medium-width":143,"medium-height":85,"medium_large":"https:\/\/www.festivalchairs.com\/app\/uploads\/2019\/04\/logo.small_.png","medium_large-width":143,"medium_large-height":85,"large":"https:\/\/www.festivalchairs.com\/app\/uploads\/2019\/04\/logo.small_.png","large-width":143,"large-height":85,"1536x1536":"https:\/\/www.festivalchairs.com\/app\/uploads\/2019\/04\/logo.small_.png","1536x1536-width":143,"1536x1536-height":85,"2048x2048":"https:\/\/www.festivalchairs.com\/app\/uploads\/2019\/04\/logo.small_.png","2048x2048-width":143,"2048x2048-height":85,"xlarge":"https:\/\/www.festivalchairs.com\/app\/uploads\/2019\/04\/logo.small_.png","xlarge-width":143,"xlarge-height":85,"small":"https:\/\/www.festivalchairs.com\/app\/uploads\/2019\/04\/logo.small_.png","small-width":143,"small-height":85,"gform-image-choice-sm":"https:\/\/www.festivalchairs.com\/app\/uploads\/2019\/04\/logo.small_.png","gform-image-choice-sm-width":143,"gform-image-choice-sm-height":85,"gform-image-choice-md":"https:\/\/www.festivalchairs.com\/app\/uploads\/2019\/04\/logo.small_.png","gform-image-choice-md-width":143,"gform-image-choice-md-height":85,"gform-image-choice-lg":"https:\/\/www.festivalchairs.com\/app\/uploads\/2019\/04\/logo.small_.png","gform-image-choice-lg-width":143,"gform-image-choice-lg-height":85}}},"_links":{"self":[{"href":"https:\/\/www.festivalchairs.com\/da\/wp-json\/wp\/v2\/klant\/3530","targetHints":{"allow":["GET"]}}],"collection":[{"href":"https:\/\/www.festivalchairs.com\/da\/wp-json\/wp\/v2\/klant"}],"about":[{"href":"https:\/\/www.festivalchairs.com\/da\/wp-json\/wp\/v2\/types\/klant"}],"wp:attachment":[{"href":"https:\/\/www.festivalchairs.com\/da\/wp-json\/wp\/v2\/media?parent=3530"}],"curies":[{"name":"wp","href":"https:\/\/api.w.org\/{rel}","templated":true}]}}