{"id":4975,"date":"2019-02-08T10:07:42","date_gmt":"2019-02-08T09:07:42","guid":{"rendered":"https:\/\/www.festivalchairs.com\/klant\/ing\/"},"modified":"2020-01-27T13:07:48","modified_gmt":"2020-01-27T12:07:48","slug":"ing","status":"publish","type":"klant","link":"https:\/\/www.festivalchairs.com\/de\/klant\/ing\/","title":{"rendered":"ING"},"content":{"rendered":"","protected":false},"template":"","class_list":["post-4975","klant","type-klant","status-publish","hentry"],"acf":[],"yoast_head":"<!-- This site is optimized with the Yoast SEO plugin v27.4 - https:\/\/yoast.com\/product\/yoast-seo-wordpress\/ -->\n<title>ING - FestivalChairs<\/title>\n<meta name=\"robots\" content=\"noindex, follow\" \/>\n<meta property=\"og:locale\" content=\"de_DE\" \/>\n<meta property=\"og:type\" content=\"article\" \/>\n<meta property=\"og:title\" content=\"ING - FestivalChairs\" \/>\n<meta property=\"og:url\" content=\"https:\/\/www.festivalchairs.com\/de\/klant\/ing\/\" \/>\n<meta property=\"og:site_name\" content=\"FestivalChairs\" \/>\n<meta property=\"article:publisher\" content=\"https:\/\/www.facebook.com\/festivalchairs\/\" \/>\n<meta property=\"article:modified_time\" content=\"2020-01-27T12:07:48+00:00\" \/>\n<meta name=\"twitter:card\" content=\"summary_large_image\" \/>\n<meta name=\"twitter:site\" content=\"@festivalchairs\" \/>\n<script type=\"application\/ld+json\" class=\"yoast-schema-graph\">{\"@context\":\"https:\\\/\\\/schema.org\",\"@graph\":[{\"@type\":\"WebPage\",\"@id\":\"https:\\\/\\\/www.festivalchairs.com\\\/de\\\/klant\\\/ing\\\/\",\"url\":\"https:\\\/\\\/www.festivalchairs.com\\\/de\\\/klant\\\/ing\\\/\",\"name\":\"ING - FestivalChairs\",\"isPartOf\":{\"@id\":\"https:\\\/\\\/www.festivalchairs.com\\\/de\\\/#website\"},\"datePublished\":\"2019-02-08T09:07:42+00:00\",\"dateModified\":\"2020-01-27T12:07:48+00:00\",\"breadcrumb\":{\"@id\":\"https:\\\/\\\/www.festivalchairs.com\\\/de\\\/klant\\\/ing\\\/#breadcrumb\"},\"inLanguage\":\"de-DE\",\"potentialAction\":[{\"@type\":\"ReadAction\",\"target\":[\"https:\\\/\\\/www.festivalchairs.com\\\/de\\\/klant\\\/ing\\\/\"]}]},{\"@type\":\"BreadcrumbList\",\"@id\":\"https:\\\/\\\/www.festivalchairs.com\\\/de\\\/klant\\\/ing\\\/#breadcrumb\",\"itemListElement\":[{\"@type\":\"ListItem\",\"position\":1,\"name\":\"Home\",\"item\":\"https:\\\/\\\/festivalchairs.com\\\/de\\\/\"},{\"@type\":\"ListItem\",\"position\":2,\"name\":\"Klanten\",\"item\":\"https:\\\/\\\/www.festivalchairs.com\\\/de\\\/klant\\\/\"},{\"@type\":\"ListItem\",\"position\":3,\"name\":\"ING\"}]},{\"@type\":\"WebSite\",\"@id\":\"https:\\\/\\\/www.festivalchairs.com\\\/de\\\/#website\",\"url\":\"https:\\\/\\\/www.festivalchairs.com\\\/de\\\/\",\"name\":\"FestivalChairs\",\"description\":\"Het krukje dat iedereen ziet zitten!\",\"publisher\":{\"@id\":\"https:\\\/\\\/www.festivalchairs.com\\\/de\\\/#organization\"},\"potentialAction\":[{\"@type\":\"SearchAction\",\"target\":{\"@type\":\"EntryPoint\",\"urlTemplate\":\"https:\\\/\\\/www.festivalchairs.com\\\/de\\\/?s={search_term_string}\"},\"query-input\":{\"@type\":\"PropertyValueSpecification\",\"valueRequired\":true,\"valueName\":\"search_term_string\"}}],\"inLanguage\":\"de-DE\"},{\"@type\":\"Organization\",\"@id\":\"https:\\\/\\\/www.festivalchairs.com\\\/de\\\/#organization\",\"name\":\"FestivalChairs\",\"url\":\"https:\\\/\\\/www.festivalchairs.com\\\/de\\\/\",\"logo\":{\"@type\":\"ImageObject\",\"inLanguage\":\"de-DE\",\"@id\":\"https:\\\/\\\/www.festivalchairs.com\\\/de\\\/#\\\/schema\\\/logo\\\/image\\\/\",\"url\":\"https:\\\/\\\/www.festivalchairs.com\\\/app\\\/uploads\\\/2020\\\/01\\\/logo-en-light-hd.png\",\"contentUrl\":\"https:\\\/\\\/www.festivalchairs.com\\\/app\\\/uploads\\\/2020\\\/01\\\/logo-en-light-hd.png\",\"width\":458,\"height\":64,\"caption\":\"FestivalChairs\"},\"image\":{\"@id\":\"https:\\\/\\\/www.festivalchairs.com\\\/de\\\/#\\\/schema\\\/logo\\\/image\\\/\"},\"sameAs\":[\"https:\\\/\\\/www.facebook.com\\\/festivalchairs\\\/\",\"https:\\\/\\\/x.com\\\/festivalchairs\",\"https:\\\/\\\/www.youtube.com\\\/user\\\/FestivalChairs\"]}]}<\/script>\n<!-- \/ Yoast SEO plugin. -->","yoast_head_json":{"title":"ING - FestivalChairs","robots":{"index":"noindex","follow":"follow"},"og_locale":"de_DE","og_type":"article","og_title":"ING - FestivalChairs","og_url":"https:\/\/www.festivalchairs.com\/de\/klant\/ing\/","og_site_name":"FestivalChairs","article_publisher":"https:\/\/www.facebook.com\/festivalchairs\/","article_modified_time":"2020-01-27T12:07:48+00:00","twitter_card":"summary_large_image","twitter_site":"@festivalchairs","schema":{"@context":"https:\/\/schema.org","@graph":[{"@type":"WebPage","@id":"https:\/\/www.festivalchairs.com\/de\/klant\/ing\/","url":"https:\/\/www.festivalchairs.com\/de\/klant\/ing\/","name":"ING - FestivalChairs","isPartOf":{"@id":"https:\/\/www.festivalchairs.com\/de\/#website"},"datePublished":"2019-02-08T09:07:42+00:00","dateModified":"2020-01-27T12:07:48+00:00","breadcrumb":{"@id":"https:\/\/www.festivalchairs.com\/de\/klant\/ing\/#breadcrumb"},"inLanguage":"de-DE","potentialAction":[{"@type":"ReadAction","target":["https:\/\/www.festivalchairs.com\/de\/klant\/ing\/"]}]},{"@type":"BreadcrumbList","@id":"https:\/\/www.festivalchairs.com\/de\/klant\/ing\/#breadcrumb","itemListElement":[{"@type":"ListItem","position":1,"name":"Home","item":"https:\/\/festivalchairs.com\/de\/"},{"@type":"ListItem","position":2,"name":"Klanten","item":"https:\/\/www.festivalchairs.com\/de\/klant\/"},{"@type":"ListItem","position":3,"name":"ING"}]},{"@type":"WebSite","@id":"https:\/\/www.festivalchairs.com\/de\/#website","url":"https:\/\/www.festivalchairs.com\/de\/","name":"FestivalChairs","description":"Het krukje dat iedereen ziet zitten!","publisher":{"@id":"https:\/\/www.festivalchairs.com\/de\/#organization"},"potentialAction":[{"@type":"SearchAction","target":{"@type":"EntryPoint","urlTemplate":"https:\/\/www.festivalchairs.com\/de\/?s={search_term_string}"},"query-input":{"@type":"PropertyValueSpecification","valueRequired":true,"valueName":"search_term_string"}}],"inLanguage":"de-DE"},{"@type":"Organization","@id":"https:\/\/www.festivalchairs.com\/de\/#organization","name":"FestivalChairs","url":"https:\/\/www.festivalchairs.com\/de\/","logo":{"@type":"ImageObject","inLanguage":"de-DE","@id":"https:\/\/www.festivalchairs.com\/de\/#\/schema\/logo\/image\/","url":"https:\/\/www.festivalchairs.com\/app\/uploads\/2020\/01\/logo-en-light-hd.png","contentUrl":"https:\/\/www.festivalchairs.com\/app\/uploads\/2020\/01\/logo-en-light-hd.png","width":458,"height":64,"caption":"FestivalChairs"},"image":{"@id":"https:\/\/www.festivalchairs.com\/de\/#\/schema\/logo\/image\/"},"sameAs":["https:\/\/www.facebook.com\/festivalchairs\/","https:\/\/x.com\/festivalchairs","https:\/\/www.youtube.com\/user\/FestivalChairs"]}]}},"custom_fields":{"content":"<p>Die niederl\u00e4ndische ING-Bank erkundet das neue Arbeiten, und alle Mitarbeiter, die dies betrifft, erhielten in der Amsterdamer Arena eine Einf\u00fchrung. Das hei\u00dft, man erfuhr alles \u00fcber das neue Arbeiten, die neue Kultur und das damit einhergehende Verhalten. Die FestivalChairs waren wichtige Kommunikationstr\u00e4ger. Auf jedem Hocker stand, welche Verhaltensweise unerl\u00e4sslich ist, damit das neue Arbeiten ein Erfolg wird. W\u00e4hrend der Veranstaltung wurden die Papphocker selbstverst\u00e4ndlich zum Sitzen genutzt. Heute stehen diese FestivalChairs in den B\u00fcros von ING Nederland und erinnern die Mitarbeiter stets an das neue Arbeiten.<\/p>\n","details":[{"item":"Auftraggeber: ING Nederland"},{"item":"Fotografie: Dennis Bouman"},{"item":"Drucktechnik: 4-farbiger Offsetdruck"},{"item":"Format: Classic und XL"}],"chair_image":{"ID":5053,"id":5053,"title":"FestivalChairClassic_Mockup_LetsGoFWD","filename":"FestivalChairClassic_Mockup_LetsGoFWD.png","filesize":343811,"url":"https:\/\/www.festivalchairs.com\/app\/uploads\/2019\/02\/FestivalChairClassic_Mockup_LetsGoFWD.png","link":"https:\/\/www.festivalchairs.com\/de\/klant\/ing\/festivalchairclassic_mockup_letsgofwd\/","alt":"","author":"3","description":"","caption":"","name":"festivalchairclassic_mockup_letsgofwd","status":"inherit","uploaded_to":4975,"date":"2019-07-18 12:05:43","modified":"2019-07-18 12:05:43","menu_order":0,"mime_type":"image\/png","type":"image","subtype":"png","icon":"https:\/\/www.festivalchairs.com\/wp-includes\/images\/media\/default.png","width":1317,"height":1421,"sizes":{"thumbnail":"https:\/\/www.festivalchairs.com\/app\/uploads\/2019\/02\/FestivalChairClassic_Mockup_LetsGoFWD-390x390.png","thumbnail-width":390,"thumbnail-height":390,"medium":"https:\/\/www.festivalchairs.com\/app\/uploads\/2019\/02\/FestivalChairClassic_Mockup_LetsGoFWD-741x800.png","medium-width":741,"medium-height":800,"medium_large":"https:\/\/www.festivalchairs.com\/app\/uploads\/2019\/02\/FestivalChairClassic_Mockup_LetsGoFWD-768x829.png","medium_large-width":768,"medium_large-height":829,"large":"https:\/\/www.festivalchairs.com\/app\/uploads\/2019\/02\/FestivalChairClassic_Mockup_LetsGoFWD-1186x1280.png","large-width":1186,"large-height":1280,"1536x1536":"https:\/\/www.festivalchairs.com\/app\/uploads\/2019\/02\/FestivalChairClassic_Mockup_LetsGoFWD.png","1536x1536-width":1317,"1536x1536-height":1421,"2048x2048":"https:\/\/www.festivalchairs.com\/app\/uploads\/2019\/02\/FestivalChairClassic_Mockup_LetsGoFWD.png","2048x2048-width":1317,"2048x2048-height":1421,"xlarge":"https:\/\/www.festivalchairs.com\/app\/uploads\/2019\/02\/FestivalChairClassic_Mockup_LetsGoFWD.png","xlarge-width":1317,"xlarge-height":1421,"small":"https:\/\/www.festivalchairs.com\/app\/uploads\/2019\/02\/FestivalChairClassic_Mockup_LetsGoFWD.png","small-width":371,"small-height":400,"gform-image-choice-sm":"https:\/\/www.festivalchairs.com\/app\/uploads\/2019\/02\/FestivalChairClassic_Mockup_LetsGoFWD.png","gform-image-choice-sm-width":278,"gform-image-choice-sm-height":300,"gform-image-choice-md":"https:\/\/www.festivalchairs.com\/app\/uploads\/2019\/02\/FestivalChairClassic_Mockup_LetsGoFWD.png","gform-image-choice-md-width":371,"gform-image-choice-md-height":400,"gform-image-choice-lg":"https:\/\/www.festivalchairs.com\/app\/uploads\/2019\/02\/FestivalChairClassic_Mockup_LetsGoFWD.png","gform-image-choice-lg-width":556,"gform-image-choice-lg-height":600}},"images":[{"ID":5399,"id":5399,"title":"20150615-ING-LetsGoFWD-01331_DennisBouman","filename":"20150615-ING-LetsGoFWD-01331_DennisBouman.jpg","filesize":530693,"url":"https:\/\/www.festivalchairs.com\/app\/uploads\/2019\/02\/20150615-ING-LetsGoFWD-01331_DennisBouman.jpg","link":"https:\/\/www.festivalchairs.com\/de\/klant\/ing\/20150615-ing-letsgofwd-01331_dennisbouman-4-2\/","alt":"","author":"1","description":"","caption":"","name":"20150615-ing-letsgofwd-01331_dennisbouman-4-2","status":"inherit","uploaded_to":4975,"date":"2020-01-27 12:03:29","modified":"2023-06-28 15:21:07","menu_order":0,"mime_type":"image\/jpeg","type":"image","subtype":"jpeg","icon":"https:\/\/www.festivalchairs.com\/wp-includes\/images\/media\/default.png","width":1600,"height":1065,"sizes":{"thumbnail":"https:\/\/www.festivalchairs.com\/app\/uploads\/2019\/02\/20150615-ING-LetsGoFWD-01331_DennisBouman-390x390.jpg","thumbnail-width":390,"thumbnail-height":390,"medium":"https:\/\/www.festivalchairs.com\/app\/uploads\/2019\/02\/20150615-ING-LetsGoFWD-01331_DennisBouman-800x533.jpg","medium-width":800,"medium-height":533,"medium_large":"https:\/\/www.festivalchairs.com\/app\/uploads\/2019\/02\/20150615-ING-LetsGoFWD-01331_DennisBouman-768x511.jpg","medium_large-width":768,"medium_large-height":511,"large":"https:\/\/www.festivalchairs.com\/app\/uploads\/2019\/02\/20150615-ING-LetsGoFWD-01331_DennisBouman-1280x852.jpg","large-width":1280,"large-height":852,"1536x1536":"https:\/\/www.festivalchairs.com\/app\/uploads\/2019\/02\/20150615-ING-LetsGoFWD-01331_DennisBouman-1536x1022.jpg","1536x1536-width":1536,"1536x1536-height":1022,"2048x2048":"https:\/\/www.festivalchairs.com\/app\/uploads\/2019\/02\/20150615-ING-LetsGoFWD-01331_DennisBouman.jpg","2048x2048-width":1600,"2048x2048-height":1065,"xlarge":"https:\/\/www.festivalchairs.com\/app\/uploads\/2019\/02\/20150615-ING-LetsGoFWD-01331_DennisBouman.jpg","xlarge-width":1600,"xlarge-height":1065,"small":"https:\/\/www.festivalchairs.com\/app\/uploads\/2019\/02\/20150615-ING-LetsGoFWD-01331_DennisBouman-400x266.jpg","small-width":400,"small-height":266,"gform-image-choice-sm":"https:\/\/www.festivalchairs.com\/app\/uploads\/2019\/02\/20150615-ING-LetsGoFWD-01331_DennisBouman.jpg","gform-image-choice-sm-width":300,"gform-image-choice-sm-height":200,"gform-image-choice-md":"https:\/\/www.festivalchairs.com\/app\/uploads\/2019\/02\/20150615-ING-LetsGoFWD-01331_DennisBouman.jpg","gform-image-choice-md-width":400,"gform-image-choice-md-height":266,"gform-image-choice-lg":"https:\/\/www.festivalchairs.com\/app\/uploads\/2019\/02\/20150615-ING-LetsGoFWD-01331_DennisBouman.jpg","gform-image-choice-lg-width":600,"gform-image-choice-lg-height":399}},{"ID":5406,"id":5406,"title":"20150615-ING-LetsGoFWD-01352-Pano_DennisBouman","filename":"20150615-ING-LetsGoFWD-01352-Pano_DennisBouman.jpg","filesize":334887,"url":"https:\/\/www.festivalchairs.com\/app\/uploads\/2019\/02\/20150615-ING-LetsGoFWD-01352-Pano_DennisBouman.jpg","link":"https:\/\/www.festivalchairs.com\/de\/klant\/ing\/20150615-ing-letsgofwd-01352-pano_dennisbouman-2\/","alt":"","author":"1","description":"","caption":"","name":"20150615-ing-letsgofwd-01352-pano_dennisbouman-2","status":"inherit","uploaded_to":4975,"date":"2020-01-27 12:03:32","modified":"2020-01-27 12:03:32","menu_order":0,"mime_type":"image\/jpeg","type":"image","subtype":"jpeg","icon":"https:\/\/www.festivalchairs.com\/wp-includes\/images\/media\/default.png","width":1600,"height":709,"sizes":{"thumbnail":"https:\/\/www.festivalchairs.com\/app\/uploads\/2019\/02\/20150615-ING-LetsGoFWD-01352-Pano_DennisBouman-390x390.jpg","thumbnail-width":390,"thumbnail-height":390,"medium":"https:\/\/www.festivalchairs.com\/app\/uploads\/2019\/02\/20150615-ING-LetsGoFWD-01352-Pano_DennisBouman-800x355.jpg","medium-width":800,"medium-height":355,"medium_large":"https:\/\/www.festivalchairs.com\/app\/uploads\/2019\/02\/20150615-ING-LetsGoFWD-01352-Pano_DennisBouman-768x340.jpg","medium_large-width":768,"medium_large-height":340,"large":"https:\/\/www.festivalchairs.com\/app\/uploads\/2019\/02\/20150615-ING-LetsGoFWD-01352-Pano_DennisBouman-1280x567.jpg","large-width":1280,"large-height":567,"1536x1536":"https:\/\/www.festivalchairs.com\/app\/uploads\/2019\/02\/20150615-ING-LetsGoFWD-01352-Pano_DennisBouman-1536x681.jpg","1536x1536-width":1536,"1536x1536-height":681,"2048x2048":"https:\/\/www.festivalchairs.com\/app\/uploads\/2019\/02\/20150615-ING-LetsGoFWD-01352-Pano_DennisBouman.jpg","2048x2048-width":1600,"2048x2048-height":709,"xlarge":"https:\/\/www.festivalchairs.com\/app\/uploads\/2019\/02\/20150615-ING-LetsGoFWD-01352-Pano_DennisBouman.jpg","xlarge-width":1600,"xlarge-height":709,"small":"https:\/\/www.festivalchairs.com\/app\/uploads\/2019\/02\/20150615-ING-LetsGoFWD-01352-Pano_DennisBouman-400x177.jpg","small-width":400,"small-height":177,"gform-image-choice-sm":"https:\/\/www.festivalchairs.com\/app\/uploads\/2019\/02\/20150615-ING-LetsGoFWD-01352-Pano_DennisBouman.jpg","gform-image-choice-sm-width":300,"gform-image-choice-sm-height":133,"gform-image-choice-md":"https:\/\/www.festivalchairs.com\/app\/uploads\/2019\/02\/20150615-ING-LetsGoFWD-01352-Pano_DennisBouman.jpg","gform-image-choice-md-width":400,"gform-image-choice-md-height":177,"gform-image-choice-lg":"https:\/\/www.festivalchairs.com\/app\/uploads\/2019\/02\/20150615-ING-LetsGoFWD-01352-Pano_DennisBouman.jpg","gform-image-choice-lg-width":600,"gform-image-choice-lg-height":266}},{"ID":5218,"id":5218,"title":"20150615-ING-LetsGoFWD-01214_DennisBouman","filename":"20150615-ING-LetsGoFWD-01214_DennisBouman.jpg","filesize":369863,"url":"https:\/\/www.festivalchairs.com\/app\/uploads\/2019\/02\/20150615-ING-LetsGoFWD-01214_DennisBouman.jpg","link":"https:\/\/www.festivalchairs.com\/de\/maak-kennis-met-de-festivalchair\/20150615-ing-letsgofwd-01214_dennisbouman-2-2\/","alt":"","author":"1","description":"","caption":"","name":"20150615-ing-letsgofwd-01214_dennisbouman-2-2","status":"inherit","uploaded_to":5122,"date":"2020-01-15 14:51:38","modified":"2020-01-27 09:29:57","menu_order":0,"mime_type":"image\/jpeg","type":"image","subtype":"jpeg","icon":"https:\/\/www.festivalchairs.com\/wp-includes\/images\/media\/default.png","width":1600,"height":1065,"sizes":{"thumbnail":"https:\/\/www.festivalchairs.com\/app\/uploads\/2019\/02\/20150615-ING-LetsGoFWD-01214_DennisBouman-390x390.jpg","thumbnail-width":390,"thumbnail-height":390,"medium":"https:\/\/www.festivalchairs.com\/app\/uploads\/2019\/02\/20150615-ING-LetsGoFWD-01214_DennisBouman-800x533.jpg","medium-width":800,"medium-height":533,"medium_large":"https:\/\/www.festivalchairs.com\/app\/uploads\/2019\/02\/20150615-ING-LetsGoFWD-01214_DennisBouman-768x511.jpg","medium_large-width":768,"medium_large-height":511,"large":"https:\/\/www.festivalchairs.com\/app\/uploads\/2019\/02\/20150615-ING-LetsGoFWD-01214_DennisBouman-1280x852.jpg","large-width":1280,"large-height":852,"1536x1536":"https:\/\/www.festivalchairs.com\/app\/uploads\/2019\/02\/20150615-ING-LetsGoFWD-01214_DennisBouman-1536x1022.jpg","1536x1536-width":1536,"1536x1536-height":1022,"2048x2048":"https:\/\/www.festivalchairs.com\/app\/uploads\/2019\/02\/20150615-ING-LetsGoFWD-01214_DennisBouman.jpg","2048x2048-width":1600,"2048x2048-height":1065,"xlarge":"https:\/\/www.festivalchairs.com\/app\/uploads\/2019\/02\/20150615-ING-LetsGoFWD-01214_DennisBouman.jpg","xlarge-width":1600,"xlarge-height":1065,"small":"https:\/\/www.festivalchairs.com\/app\/uploads\/2019\/02\/20150615-ING-LetsGoFWD-01214_DennisBouman.jpg","small-width":400,"small-height":266,"gform-image-choice-sm":"https:\/\/www.festivalchairs.com\/app\/uploads\/2019\/02\/20150615-ING-LetsGoFWD-01214_DennisBouman.jpg","gform-image-choice-sm-width":300,"gform-image-choice-sm-height":200,"gform-image-choice-md":"https:\/\/www.festivalchairs.com\/app\/uploads\/2019\/02\/20150615-ING-LetsGoFWD-01214_DennisBouman.jpg","gform-image-choice-md-width":400,"gform-image-choice-md-height":266,"gform-image-choice-lg":"https:\/\/www.festivalchairs.com\/app\/uploads\/2019\/02\/20150615-ING-LetsGoFWD-01214_DennisBouman.jpg","gform-image-choice-lg-width":600,"gform-image-choice-lg-height":399}},{"ID":5392,"id":5392,"title":"20150615-ING-LetsGoFWD-00484_DennisBouman","filename":"20150615-ING-LetsGoFWD-00484_DennisBouman.jpg","filesize":731257,"url":"https:\/\/www.festivalchairs.com\/app\/uploads\/2019\/02\/20150615-ING-LetsGoFWD-00484_DennisBouman.jpg","link":"https:\/\/www.festivalchairs.com\/de\/klant\/ing\/20150615-ing-letsgofwd-00484_dennisbouman-2\/","alt":"","author":"1","description":"","caption":"","name":"20150615-ing-letsgofwd-00484_dennisbouman-2","status":"inherit","uploaded_to":4975,"date":"2020-01-27 12:03:26","modified":"2020-01-27 12:09:38","menu_order":0,"mime_type":"image\/jpeg","type":"image","subtype":"jpeg","icon":"https:\/\/www.festivalchairs.com\/wp-includes\/images\/media\/default.png","width":1600,"height":1065,"sizes":{"thumbnail":"https:\/\/www.festivalchairs.com\/app\/uploads\/2019\/02\/20150615-ING-LetsGoFWD-00484_DennisBouman-390x390.jpg","thumbnail-width":390,"thumbnail-height":390,"medium":"https:\/\/www.festivalchairs.com\/app\/uploads\/2019\/02\/20150615-ING-LetsGoFWD-00484_DennisBouman-800x533.jpg","medium-width":800,"medium-height":533,"medium_large":"https:\/\/www.festivalchairs.com\/app\/uploads\/2019\/02\/20150615-ING-LetsGoFWD-00484_DennisBouman-768x511.jpg","medium_large-width":768,"medium_large-height":511,"large":"https:\/\/www.festivalchairs.com\/app\/uploads\/2019\/02\/20150615-ING-LetsGoFWD-00484_DennisBouman-1280x852.jpg","large-width":1280,"large-height":852,"1536x1536":"https:\/\/www.festivalchairs.com\/app\/uploads\/2019\/02\/20150615-ING-LetsGoFWD-00484_DennisBouman-1536x1022.jpg","1536x1536-width":1536,"1536x1536-height":1022,"2048x2048":"https:\/\/www.festivalchairs.com\/app\/uploads\/2019\/02\/20150615-ING-LetsGoFWD-00484_DennisBouman.jpg","2048x2048-width":1600,"2048x2048-height":1065,"xlarge":"https:\/\/www.festivalchairs.com\/app\/uploads\/2019\/02\/20150615-ING-LetsGoFWD-00484_DennisBouman.jpg","xlarge-width":1600,"xlarge-height":1065,"small":"https:\/\/www.festivalchairs.com\/app\/uploads\/2019\/02\/20150615-ING-LetsGoFWD-00484_DennisBouman-400x266.jpg","small-width":400,"small-height":266,"gform-image-choice-sm":"https:\/\/www.festivalchairs.com\/app\/uploads\/2019\/02\/20150615-ING-LetsGoFWD-00484_DennisBouman.jpg","gform-image-choice-sm-width":300,"gform-image-choice-sm-height":200,"gform-image-choice-md":"https:\/\/www.festivalchairs.com\/app\/uploads\/2019\/02\/20150615-ING-LetsGoFWD-00484_DennisBouman.jpg","gform-image-choice-md-width":400,"gform-image-choice-md-height":266,"gform-image-choice-lg":"https:\/\/www.festivalchairs.com\/app\/uploads\/2019\/02\/20150615-ING-LetsGoFWD-00484_DennisBouman.jpg","gform-image-choice-lg-width":600,"gform-image-choice-lg-height":399}}],"logo":{"ID":4976,"id":4976,"title":"ing_logo","filename":"ing_logo.png","filesize":1756,"url":"https:\/\/www.festivalchairs.com\/app\/uploads\/2019\/02\/ing_logo.png","link":"https:\/\/www.festivalchairs.com\/de\/klant\/ing\/ing_logo-2\/","alt":"","author":"1","description":"","caption":"","name":"ing_logo-2","status":"inherit","uploaded_to":4975,"date":"2019-02-08 09:06:24","modified":"2019-02-08 09:06:24","menu_order":0,"mime_type":"image\/png","type":"image","subtype":"png","icon":"https:\/\/www.festivalchairs.com\/wp-includes\/images\/media\/default.png","width":161,"height":41,"sizes":{"thumbnail":"https:\/\/www.festivalchairs.com\/app\/uploads\/2019\/02\/ing_logo.png","thumbnail-width":161,"thumbnail-height":41,"medium":"https:\/\/www.festivalchairs.com\/app\/uploads\/2019\/02\/ing_logo.png","medium-width":161,"medium-height":41,"medium_large":"https:\/\/www.festivalchairs.com\/app\/uploads\/2019\/02\/ing_logo.png","medium_large-width":161,"medium_large-height":41,"large":"https:\/\/www.festivalchairs.com\/app\/uploads\/2019\/02\/ing_logo.png","large-width":161,"large-height":41,"1536x1536":"https:\/\/www.festivalchairs.com\/app\/uploads\/2019\/02\/ing_logo.png","1536x1536-width":161,"1536x1536-height":41,"2048x2048":"https:\/\/www.festivalchairs.com\/app\/uploads\/2019\/02\/ing_logo.png","2048x2048-width":161,"2048x2048-height":41,"xlarge":"https:\/\/www.festivalchairs.com\/app\/uploads\/2019\/02\/ing_logo.png","xlarge-width":161,"xlarge-height":41,"small":"https:\/\/www.festivalchairs.com\/app\/uploads\/2019\/02\/ing_logo.png","small-width":161,"small-height":41,"gform-image-choice-sm":"https:\/\/www.festivalchairs.com\/app\/uploads\/2019\/02\/ing_logo.png","gform-image-choice-sm-width":161,"gform-image-choice-sm-height":41,"gform-image-choice-md":"https:\/\/www.festivalchairs.com\/app\/uploads\/2019\/02\/ing_logo.png","gform-image-choice-md-width":161,"gform-image-choice-md-height":41,"gform-image-choice-lg":"https:\/\/www.festivalchairs.com\/app\/uploads\/2019\/02\/ing_logo.png","gform-image-choice-lg-width":161,"gform-image-choice-lg-height":41}}},"_links":{"self":[{"href":"https:\/\/www.festivalchairs.com\/de\/wp-json\/wp\/v2\/klant\/4975","targetHints":{"allow":["GET"]}}],"collection":[{"href":"https:\/\/www.festivalchairs.com\/de\/wp-json\/wp\/v2\/klant"}],"about":[{"href":"https:\/\/www.festivalchairs.com\/de\/wp-json\/wp\/v2\/types\/klant"}],"wp:attachment":[{"href":"https:\/\/www.festivalchairs.com\/de\/wp-json\/wp\/v2\/media?parent=4975"}],"curies":[{"name":"wp","href":"https:\/\/api.w.org\/{rel}","templated":true}]}}