{"id":3801,"date":"2019-04-17T16:40:44","date_gmt":"2019-04-17T14:40:44","guid":{"rendered":"https:\/\/www.festivalchairs.com\/klant\/women-inc\/"},"modified":"2020-01-27T14:57:03","modified_gmt":"2020-01-27T13:57:03","slug":"women-inc","status":"publish","type":"klant","link":"https:\/\/www.festivalchairs.com\/fr\/klant\/women-inc\/","title":{"rendered":"Women Inc"},"content":{"rendered":"","protected":false},"template":"","class_list":["post-3801","klant","type-klant","status-publish","hentry"],"acf":[],"yoast_head":"<!-- This site is optimized with the Yoast SEO plugin v27.5 - https:\/\/yoast.com\/product\/yoast-seo-wordpress\/ -->\n<title>WOMEN Inc. zet FestivalChairs in voor grootst event<\/title>\n<meta name=\"description\" content=\"la superbe rencontre de Women Inc. qui s&#039;est tenue l&#039;an dernier \u00e0 DeFabrique \u00e0 Maarssen (Pays-Bas). WOMEN Inc. est depuis 2005 LE r\u00e9seau de toutes les femmes souhaitent s&#039;entraider et ainsi stimuler les opportunit\u00e9s pour toutes les femmes des Pays-Bas.\" \/>\n<meta name=\"robots\" content=\"noindex, follow\" \/>\n<meta property=\"og:locale\" content=\"fr_FR\" \/>\n<meta property=\"og:type\" content=\"article\" \/>\n<meta property=\"og:title\" content=\"WOMEN Inc. zet FestivalChairs in voor grootst event\" \/>\n<meta property=\"og:description\" content=\"la superbe rencontre de Women Inc. qui s&#039;est tenue l&#039;an dernier \u00e0 DeFabrique \u00e0 Maarssen (Pays-Bas). WOMEN Inc. est depuis 2005 LE r\u00e9seau de toutes les femmes souhaitent s&#039;entraider et ainsi stimuler les opportunit\u00e9s pour toutes les femmes des Pays-Bas.\" \/>\n<meta property=\"og:url\" content=\"https:\/\/www.festivalchairs.com\/fr\/klant\/women-inc\/\" \/>\n<meta property=\"og:site_name\" content=\"FestivalChairs\" \/>\n<meta property=\"article:publisher\" content=\"https:\/\/www.facebook.com\/festivalchairs\/\" \/>\n<meta property=\"article:modified_time\" content=\"2020-01-27T13:57:03+00:00\" \/>\n<meta name=\"twitter:card\" content=\"summary_large_image\" \/>\n<meta name=\"twitter:site\" content=\"@festivalchairs\" \/>\n<script type=\"application\/ld+json\" class=\"yoast-schema-graph\">{\"@context\":\"https:\\\/\\\/schema.org\",\"@graph\":[{\"@type\":\"WebPage\",\"@id\":\"https:\\\/\\\/www.festivalchairs.com\\\/fr\\\/klant\\\/women-inc\\\/\",\"url\":\"https:\\\/\\\/www.festivalchairs.com\\\/fr\\\/klant\\\/women-inc\\\/\",\"name\":\"WOMEN Inc. zet FestivalChairs in voor grootst event\",\"isPartOf\":{\"@id\":\"https:\\\/\\\/www.festivalchairs.com\\\/fr\\\/#website\"},\"datePublished\":\"2019-04-17T14:40:44+00:00\",\"dateModified\":\"2020-01-27T13:57:03+00:00\",\"description\":\"la superbe rencontre de Women Inc. qui s'est tenue l'an dernier \u00e0 DeFabrique \u00e0 Maarssen (Pays-Bas). WOMEN Inc. est depuis 2005 LE r\u00e9seau de toutes les femmes souhaitent s'entraider et ainsi stimuler les opportunit\u00e9s pour toutes les femmes des Pays-Bas.\",\"breadcrumb\":{\"@id\":\"https:\\\/\\\/www.festivalchairs.com\\\/fr\\\/klant\\\/women-inc\\\/#breadcrumb\"},\"inLanguage\":\"fr-FR\",\"potentialAction\":[{\"@type\":\"ReadAction\",\"target\":[\"https:\\\/\\\/www.festivalchairs.com\\\/fr\\\/klant\\\/women-inc\\\/\"]}]},{\"@type\":\"BreadcrumbList\",\"@id\":\"https:\\\/\\\/www.festivalchairs.com\\\/fr\\\/klant\\\/women-inc\\\/#breadcrumb\",\"itemListElement\":[{\"@type\":\"ListItem\",\"position\":1,\"name\":\"Home\",\"item\":\"https:\\\/\\\/www.festivalchairs.com\\\/fr\\\/\"},{\"@type\":\"ListItem\",\"position\":2,\"name\":\"Klanten\",\"item\":\"https:\\\/\\\/www.festivalchairs.com\\\/fr\\\/klant\\\/\"},{\"@type\":\"ListItem\",\"position\":3,\"name\":\"Women Inc\"}]},{\"@type\":\"WebSite\",\"@id\":\"https:\\\/\\\/www.festivalchairs.com\\\/fr\\\/#website\",\"url\":\"https:\\\/\\\/www.festivalchairs.com\\\/fr\\\/\",\"name\":\"FestivalChairs\",\"description\":\"Het krukje dat iedereen ziet zitten!\",\"publisher\":{\"@id\":\"https:\\\/\\\/www.festivalchairs.com\\\/fr\\\/#organization\"},\"potentialAction\":[{\"@type\":\"SearchAction\",\"target\":{\"@type\":\"EntryPoint\",\"urlTemplate\":\"https:\\\/\\\/www.festivalchairs.com\\\/fr\\\/?s={search_term_string}\"},\"query-input\":{\"@type\":\"PropertyValueSpecification\",\"valueRequired\":true,\"valueName\":\"search_term_string\"}}],\"inLanguage\":\"fr-FR\"},{\"@type\":\"Organization\",\"@id\":\"https:\\\/\\\/www.festivalchairs.com\\\/fr\\\/#organization\",\"name\":\"FestivalChairs\",\"url\":\"https:\\\/\\\/www.festivalchairs.com\\\/fr\\\/\",\"logo\":{\"@type\":\"ImageObject\",\"inLanguage\":\"fr-FR\",\"@id\":\"https:\\\/\\\/www.festivalchairs.com\\\/fr\\\/#\\\/schema\\\/logo\\\/image\\\/\",\"url\":\"https:\\\/\\\/www.festivalchairs.com\\\/app\\\/uploads\\\/2020\\\/01\\\/logo-en-light-hd.png\",\"contentUrl\":\"https:\\\/\\\/www.festivalchairs.com\\\/app\\\/uploads\\\/2020\\\/01\\\/logo-en-light-hd.png\",\"width\":458,\"height\":64,\"caption\":\"FestivalChairs\"},\"image\":{\"@id\":\"https:\\\/\\\/www.festivalchairs.com\\\/fr\\\/#\\\/schema\\\/logo\\\/image\\\/\"},\"sameAs\":[\"https:\\\/\\\/www.facebook.com\\\/festivalchairs\\\/\",\"https:\\\/\\\/x.com\\\/festivalchairs\",\"https:\\\/\\\/www.youtube.com\\\/user\\\/FestivalChairs\"]}]}<\/script>\n<!-- \/ Yoast SEO plugin. -->","yoast_head_json":{"title":"WOMEN Inc. zet FestivalChairs in voor grootst event","description":"la superbe rencontre de Women Inc. qui s'est tenue l'an dernier \u00e0 DeFabrique \u00e0 Maarssen (Pays-Bas). WOMEN Inc. est depuis 2005 LE r\u00e9seau de toutes les femmes souhaitent s'entraider et ainsi stimuler les opportunit\u00e9s pour toutes les femmes des Pays-Bas.","robots":{"index":"noindex","follow":"follow"},"og_locale":"fr_FR","og_type":"article","og_title":"WOMEN Inc. zet FestivalChairs in voor grootst event","og_description":"la superbe rencontre de Women Inc. qui s'est tenue l'an dernier \u00e0 DeFabrique \u00e0 Maarssen (Pays-Bas). WOMEN Inc. est depuis 2005 LE r\u00e9seau de toutes les femmes souhaitent s'entraider et ainsi stimuler les opportunit\u00e9s pour toutes les femmes des Pays-Bas.","og_url":"https:\/\/www.festivalchairs.com\/fr\/klant\/women-inc\/","og_site_name":"FestivalChairs","article_publisher":"https:\/\/www.facebook.com\/festivalchairs\/","article_modified_time":"2020-01-27T13:57:03+00:00","twitter_card":"summary_large_image","twitter_site":"@festivalchairs","schema":{"@context":"https:\/\/schema.org","@graph":[{"@type":"WebPage","@id":"https:\/\/www.festivalchairs.com\/fr\/klant\/women-inc\/","url":"https:\/\/www.festivalchairs.com\/fr\/klant\/women-inc\/","name":"WOMEN Inc. zet FestivalChairs in voor grootst event","isPartOf":{"@id":"https:\/\/www.festivalchairs.com\/fr\/#website"},"datePublished":"2019-04-17T14:40:44+00:00","dateModified":"2020-01-27T13:57:03+00:00","description":"la superbe rencontre de Women Inc. qui s'est tenue l'an dernier \u00e0 DeFabrique \u00e0 Maarssen (Pays-Bas). WOMEN Inc. est depuis 2005 LE r\u00e9seau de toutes les femmes souhaitent s'entraider et ainsi stimuler les opportunit\u00e9s pour toutes les femmes des Pays-Bas.","breadcrumb":{"@id":"https:\/\/www.festivalchairs.com\/fr\/klant\/women-inc\/#breadcrumb"},"inLanguage":"fr-FR","potentialAction":[{"@type":"ReadAction","target":["https:\/\/www.festivalchairs.com\/fr\/klant\/women-inc\/"]}]},{"@type":"BreadcrumbList","@id":"https:\/\/www.festivalchairs.com\/fr\/klant\/women-inc\/#breadcrumb","itemListElement":[{"@type":"ListItem","position":1,"name":"Home","item":"https:\/\/www.festivalchairs.com\/fr\/"},{"@type":"ListItem","position":2,"name":"Klanten","item":"https:\/\/www.festivalchairs.com\/fr\/klant\/"},{"@type":"ListItem","position":3,"name":"Women Inc"}]},{"@type":"WebSite","@id":"https:\/\/www.festivalchairs.com\/fr\/#website","url":"https:\/\/www.festivalchairs.com\/fr\/","name":"FestivalChairs","description":"Het krukje dat iedereen ziet zitten!","publisher":{"@id":"https:\/\/www.festivalchairs.com\/fr\/#organization"},"potentialAction":[{"@type":"SearchAction","target":{"@type":"EntryPoint","urlTemplate":"https:\/\/www.festivalchairs.com\/fr\/?s={search_term_string}"},"query-input":{"@type":"PropertyValueSpecification","valueRequired":true,"valueName":"search_term_string"}}],"inLanguage":"fr-FR"},{"@type":"Organization","@id":"https:\/\/www.festivalchairs.com\/fr\/#organization","name":"FestivalChairs","url":"https:\/\/www.festivalchairs.com\/fr\/","logo":{"@type":"ImageObject","inLanguage":"fr-FR","@id":"https:\/\/www.festivalchairs.com\/fr\/#\/schema\/logo\/image\/","url":"https:\/\/www.festivalchairs.com\/app\/uploads\/2020\/01\/logo-en-light-hd.png","contentUrl":"https:\/\/www.festivalchairs.com\/app\/uploads\/2020\/01\/logo-en-light-hd.png","width":458,"height":64,"caption":"FestivalChairs"},"image":{"@id":"https:\/\/www.festivalchairs.com\/fr\/#\/schema\/logo\/image\/"},"sameAs":["https:\/\/www.facebook.com\/festivalchairs\/","https:\/\/x.com\/festivalchairs","https:\/\/www.youtube.com\/user\/FestivalChairs"]}]}},"custom_fields":{"content":"<p>M\u00eame si la FestivalChair existe d\u00e9j\u00e0 depuis un certain temps, il nous arrive encore d\u2019\u00eatre \u00e9tonn\u00e9s et inspir\u00e9s par les \u00e9v\u00e8nements de nos clients. \u00c9voquons par exemple la superbe rencontre de Women Inc. qui s\u2019est tenue l\u2019an dernier \u00e0 DeFabrique \u00e0 Maarssen (Pays-Bas). WOMEN Inc. est depuis 2005 LE r\u00e9seau de toutes les femmes souhaitent s\u2019entraider et ainsi stimuler les opportunit\u00e9s pour toutes les femmes des Pays-Bas.<\/p>\n<p>La FestivalChair fut employ\u00e9e dans une salle comble, savant m\u00e9lange d\u2019employeurs, de d\u00e9cideurs politiques, d\u2019hommes et de femmes r\u00e9unis pour discuter de l\u2019\u00e9quilibre entre vie familiale et vie professionnelle, puis emport\u00e9e dans les diff\u00e9rentes r\u00e9unions pl\u00e9ni\u00e8res en guise d\u2019assise informelle. Plusieurs recommandations inspirantes ont \u00e9t\u00e9 formul\u00e9es quant \u00e0 l\u2019avenir des Pays-Bas et la reine Maxima termina la journ\u00e9e avec un discours impressionnant.<\/p>\n","details":[{"item":"Client : Women Inc"},{"item":"La photographie : Rebke Klokke"},{"item":"Technique d\u2019impression :  Quadrichromie"},{"item":"Format : Classique"}],"chair_image":{"ID":3802,"id":3802,"title":"FC-WomenInc-Vrijstaander","filename":"FC-WomenInc-Vrijstaander.png","filesize":35802,"url":"https:\/\/www.festivalchairs.com\/app\/uploads\/2019\/04\/FC-WomenInc-Vrijstaander.png","link":"https:\/\/www.festivalchairs.com\/fr\/klant\/women-inc\/fc-womeninc-vrijstaander-2\/","alt":"","author":"1","description":"","caption":"","name":"fc-womeninc-vrijstaander-2","status":"inherit","uploaded_to":3801,"date":"2019-04-18 14:10:14","modified":"2019-04-18 14:10:14","menu_order":0,"mime_type":"image\/png","type":"image","subtype":"png","icon":"https:\/\/www.festivalchairs.com\/wp-includes\/images\/media\/default.png","width":496,"height":530,"sizes":{"thumbnail":"https:\/\/www.festivalchairs.com\/app\/uploads\/2019\/04\/FC-WomenInc-Vrijstaander-390x390.png","thumbnail-width":390,"thumbnail-height":390,"medium":"https:\/\/www.festivalchairs.com\/app\/uploads\/2019\/04\/FC-WomenInc-Vrijstaander.png","medium-width":496,"medium-height":530,"medium_large":"https:\/\/www.festivalchairs.com\/app\/uploads\/2019\/04\/FC-WomenInc-Vrijstaander.png","medium_large-width":496,"medium_large-height":530,"large":"https:\/\/www.festivalchairs.com\/app\/uploads\/2019\/04\/FC-WomenInc-Vrijstaander.png","large-width":496,"large-height":530,"1536x1536":"https:\/\/www.festivalchairs.com\/app\/uploads\/2019\/04\/FC-WomenInc-Vrijstaander.png","1536x1536-width":496,"1536x1536-height":530,"2048x2048":"https:\/\/www.festivalchairs.com\/app\/uploads\/2019\/04\/FC-WomenInc-Vrijstaander.png","2048x2048-width":496,"2048x2048-height":530,"xlarge":"https:\/\/www.festivalchairs.com\/app\/uploads\/2019\/04\/FC-WomenInc-Vrijstaander.png","xlarge-width":496,"xlarge-height":530,"small":"https:\/\/www.festivalchairs.com\/app\/uploads\/2019\/04\/FC-WomenInc-Vrijstaander.png","small-width":374,"small-height":400,"gform-image-choice-sm":"https:\/\/www.festivalchairs.com\/app\/uploads\/2019\/04\/FC-WomenInc-Vrijstaander.png","gform-image-choice-sm-width":281,"gform-image-choice-sm-height":300,"gform-image-choice-md":"https:\/\/www.festivalchairs.com\/app\/uploads\/2019\/04\/FC-WomenInc-Vrijstaander.png","gform-image-choice-md-width":374,"gform-image-choice-md-height":400,"gform-image-choice-lg":"https:\/\/www.festivalchairs.com\/app\/uploads\/2019\/04\/FC-WomenInc-Vrijstaander.png","gform-image-choice-lg-width":496,"gform-image-choice-lg-height":530}},"images":[{"ID":4207,"id":4207,"title":"WomenInc-2015-1","filename":"WomenInc-2015-1.jpg","filesize":90402,"url":"https:\/\/www.festivalchairs.com\/app\/uploads\/2019\/04\/WomenInc-2015-1.jpg","link":"https:\/\/www.festivalchairs.com\/fr\/klant\/women-inc\/womeninc-2015-1\/","alt":"","author":"1","description":"","caption":"","name":"womeninc-2015-1","status":"inherit","uploaded_to":3801,"date":"2019-04-18 14:10:30","modified":"2019-04-18 14:10:30","menu_order":0,"mime_type":"image\/jpeg","type":"image","subtype":"jpeg","icon":"https:\/\/www.festivalchairs.com\/wp-includes\/images\/media\/default.png","width":750,"height":750,"sizes":{"thumbnail":"https:\/\/www.festivalchairs.com\/app\/uploads\/2019\/04\/WomenInc-2015-1-390x390.jpg","thumbnail-width":390,"thumbnail-height":390,"medium":"https:\/\/www.festivalchairs.com\/app\/uploads\/2019\/04\/WomenInc-2015-1.jpg","medium-width":750,"medium-height":750,"medium_large":"https:\/\/www.festivalchairs.com\/app\/uploads\/2019\/04\/WomenInc-2015-1.jpg","medium_large-width":750,"medium_large-height":750,"large":"https:\/\/www.festivalchairs.com\/app\/uploads\/2019\/04\/WomenInc-2015-1.jpg","large-width":750,"large-height":750,"1536x1536":"https:\/\/www.festivalchairs.com\/app\/uploads\/2019\/04\/WomenInc-2015-1.jpg","1536x1536-width":750,"1536x1536-height":750,"2048x2048":"https:\/\/www.festivalchairs.com\/app\/uploads\/2019\/04\/WomenInc-2015-1.jpg","2048x2048-width":750,"2048x2048-height":750,"xlarge":"https:\/\/www.festivalchairs.com\/app\/uploads\/2019\/04\/WomenInc-2015-1.jpg","xlarge-width":750,"xlarge-height":750,"small":"https:\/\/www.festivalchairs.com\/app\/uploads\/2019\/04\/WomenInc-2015-1.jpg","small-width":400,"small-height":400,"gform-image-choice-sm":"https:\/\/www.festivalchairs.com\/app\/uploads\/2019\/04\/WomenInc-2015-1.jpg","gform-image-choice-sm-width":300,"gform-image-choice-sm-height":300,"gform-image-choice-md":"https:\/\/www.festivalchairs.com\/app\/uploads\/2019\/04\/WomenInc-2015-1.jpg","gform-image-choice-md-width":400,"gform-image-choice-md-height":400,"gform-image-choice-lg":"https:\/\/www.festivalchairs.com\/app\/uploads\/2019\/04\/WomenInc-2015-1.jpg","gform-image-choice-lg-width":600,"gform-image-choice-lg-height":600}},{"ID":4208,"id":4208,"title":"WomenInc-2015-2","filename":"WomenInc-2015-2.jpg","filesize":72838,"url":"https:\/\/www.festivalchairs.com\/app\/uploads\/2019\/04\/WomenInc-2015-2.jpg","link":"https:\/\/www.festivalchairs.com\/fr\/klant\/women-inc\/womeninc-2015-2\/","alt":"","author":"1","description":"","caption":"","name":"womeninc-2015-2","status":"inherit","uploaded_to":3801,"date":"2019-04-18 14:10:33","modified":"2019-04-18 14:10:33","menu_order":0,"mime_type":"image\/jpeg","type":"image","subtype":"jpeg","icon":"https:\/\/www.festivalchairs.com\/wp-includes\/images\/media\/default.png","width":750,"height":501,"sizes":{"thumbnail":"https:\/\/www.festivalchairs.com\/app\/uploads\/2019\/04\/WomenInc-2015-2-390x390.jpg","thumbnail-width":390,"thumbnail-height":390,"medium":"https:\/\/www.festivalchairs.com\/app\/uploads\/2019\/04\/WomenInc-2015-2.jpg","medium-width":750,"medium-height":501,"medium_large":"https:\/\/www.festivalchairs.com\/app\/uploads\/2019\/04\/WomenInc-2015-2.jpg","medium_large-width":750,"medium_large-height":501,"large":"https:\/\/www.festivalchairs.com\/app\/uploads\/2019\/04\/WomenInc-2015-2.jpg","large-width":750,"large-height":501,"1536x1536":"https:\/\/www.festivalchairs.com\/app\/uploads\/2019\/04\/WomenInc-2015-2.jpg","1536x1536-width":750,"1536x1536-height":501,"2048x2048":"https:\/\/www.festivalchairs.com\/app\/uploads\/2019\/04\/WomenInc-2015-2.jpg","2048x2048-width":750,"2048x2048-height":501,"xlarge":"https:\/\/www.festivalchairs.com\/app\/uploads\/2019\/04\/WomenInc-2015-2.jpg","xlarge-width":750,"xlarge-height":501,"small":"https:\/\/www.festivalchairs.com\/app\/uploads\/2019\/04\/WomenInc-2015-2.jpg","small-width":400,"small-height":267,"gform-image-choice-sm":"https:\/\/www.festivalchairs.com\/app\/uploads\/2019\/04\/WomenInc-2015-2.jpg","gform-image-choice-sm-width":300,"gform-image-choice-sm-height":200,"gform-image-choice-md":"https:\/\/www.festivalchairs.com\/app\/uploads\/2019\/04\/WomenInc-2015-2.jpg","gform-image-choice-md-width":400,"gform-image-choice-md-height":267,"gform-image-choice-lg":"https:\/\/www.festivalchairs.com\/app\/uploads\/2019\/04\/WomenInc-2015-2.jpg","gform-image-choice-lg-width":600,"gform-image-choice-lg-height":401}},{"ID":4209,"id":4209,"title":"WomenInc-2015-3","filename":"WomenInc-2015-3.jpg","filesize":97048,"url":"https:\/\/www.festivalchairs.com\/app\/uploads\/2019\/04\/WomenInc-2015-3.jpg","link":"https:\/\/www.festivalchairs.com\/fr\/klant\/women-inc\/womeninc-2015-3\/","alt":"","author":"1","description":"","caption":"","name":"womeninc-2015-3","status":"inherit","uploaded_to":3801,"date":"2019-04-18 14:10:35","modified":"2019-04-18 14:10:35","menu_order":0,"mime_type":"image\/jpeg","type":"image","subtype":"jpeg","icon":"https:\/\/www.festivalchairs.com\/wp-includes\/images\/media\/default.png","width":750,"height":750,"sizes":{"thumbnail":"https:\/\/www.festivalchairs.com\/app\/uploads\/2019\/04\/WomenInc-2015-3-390x390.jpg","thumbnail-width":390,"thumbnail-height":390,"medium":"https:\/\/www.festivalchairs.com\/app\/uploads\/2019\/04\/WomenInc-2015-3.jpg","medium-width":750,"medium-height":750,"medium_large":"https:\/\/www.festivalchairs.com\/app\/uploads\/2019\/04\/WomenInc-2015-3.jpg","medium_large-width":750,"medium_large-height":750,"large":"https:\/\/www.festivalchairs.com\/app\/uploads\/2019\/04\/WomenInc-2015-3.jpg","large-width":750,"large-height":750,"1536x1536":"https:\/\/www.festivalchairs.com\/app\/uploads\/2019\/04\/WomenInc-2015-3.jpg","1536x1536-width":750,"1536x1536-height":750,"2048x2048":"https:\/\/www.festivalchairs.com\/app\/uploads\/2019\/04\/WomenInc-2015-3.jpg","2048x2048-width":750,"2048x2048-height":750,"xlarge":"https:\/\/www.festivalchairs.com\/app\/uploads\/2019\/04\/WomenInc-2015-3.jpg","xlarge-width":750,"xlarge-height":750,"small":"https:\/\/www.festivalchairs.com\/app\/uploads\/2019\/04\/WomenInc-2015-3.jpg","small-width":400,"small-height":400,"gform-image-choice-sm":"https:\/\/www.festivalchairs.com\/app\/uploads\/2019\/04\/WomenInc-2015-3.jpg","gform-image-choice-sm-width":300,"gform-image-choice-sm-height":300,"gform-image-choice-md":"https:\/\/www.festivalchairs.com\/app\/uploads\/2019\/04\/WomenInc-2015-3.jpg","gform-image-choice-md-width":400,"gform-image-choice-md-height":400,"gform-image-choice-lg":"https:\/\/www.festivalchairs.com\/app\/uploads\/2019\/04\/WomenInc-2015-3.jpg","gform-image-choice-lg-width":600,"gform-image-choice-lg-height":600}},{"ID":3532,"id":3532,"title":"KleinerWomenInc-2015-9","filename":"KleinerWomenInc-2015-9.jpg","filesize":34563,"url":"https:\/\/www.festivalchairs.com\/app\/uploads\/2019\/04\/KleinerWomenInc-2015-9.jpg","link":"https:\/\/www.festivalchairs.com\/fr\/klant\/women-inc\/kleinerwomeninc-2015-9-2-2\/","alt":"","author":"3","description":"","caption":"","name":"kleinerwomeninc-2015-9-2-2","status":"inherit","uploaded_to":3801,"date":"2019-07-11 12:48:24","modified":"2019-07-11 12:48:24","menu_order":0,"mime_type":"image\/jpeg","type":"image","subtype":"jpeg","icon":"https:\/\/www.festivalchairs.com\/wp-includes\/images\/media\/default.png","width":645,"height":476,"sizes":{"thumbnail":"https:\/\/www.festivalchairs.com\/app\/uploads\/2019\/04\/KleinerWomenInc-2015-9-390x390.jpg","thumbnail-width":390,"thumbnail-height":390,"medium":"https:\/\/www.festivalchairs.com\/app\/uploads\/2019\/04\/KleinerWomenInc-2015-9.jpg","medium-width":645,"medium-height":476,"medium_large":"https:\/\/www.festivalchairs.com\/app\/uploads\/2019\/04\/KleinerWomenInc-2015-9.jpg","medium_large-width":645,"medium_large-height":476,"large":"https:\/\/www.festivalchairs.com\/app\/uploads\/2019\/04\/KleinerWomenInc-2015-9.jpg","large-width":645,"large-height":476,"1536x1536":"https:\/\/www.festivalchairs.com\/app\/uploads\/2019\/04\/KleinerWomenInc-2015-9.jpg","1536x1536-width":645,"1536x1536-height":476,"2048x2048":"https:\/\/www.festivalchairs.com\/app\/uploads\/2019\/04\/KleinerWomenInc-2015-9.jpg","2048x2048-width":645,"2048x2048-height":476,"xlarge":"https:\/\/www.festivalchairs.com\/app\/uploads\/2019\/04\/KleinerWomenInc-2015-9.jpg","xlarge-width":645,"xlarge-height":476,"small":"https:\/\/www.festivalchairs.com\/app\/uploads\/2019\/04\/KleinerWomenInc-2015-9.jpg","small-width":400,"small-height":295,"gform-image-choice-sm":"https:\/\/www.festivalchairs.com\/app\/uploads\/2019\/04\/KleinerWomenInc-2015-9.jpg","gform-image-choice-sm-width":300,"gform-image-choice-sm-height":221,"gform-image-choice-md":"https:\/\/www.festivalchairs.com\/app\/uploads\/2019\/04\/KleinerWomenInc-2015-9.jpg","gform-image-choice-md-width":400,"gform-image-choice-md-height":295,"gform-image-choice-lg":"https:\/\/www.festivalchairs.com\/app\/uploads\/2019\/04\/KleinerWomenInc-2015-9.jpg","gform-image-choice-lg-width":600,"gform-image-choice-lg-height":443}},{"ID":4210,"id":4210,"title":"WomenInc-2015-10","filename":"WomenInc-2015-10.jpg","filesize":63960,"url":"https:\/\/www.festivalchairs.com\/app\/uploads\/2019\/04\/WomenInc-2015-10.jpg","link":"https:\/\/www.festivalchairs.com\/fr\/klant\/women-inc\/womeninc-2015-10\/","alt":"","author":"1","description":"","caption":"","name":"womeninc-2015-10","status":"inherit","uploaded_to":3801,"date":"2019-04-18 14:10:39","modified":"2019-04-18 14:10:39","menu_order":0,"mime_type":"image\/jpeg","type":"image","subtype":"jpeg","icon":"https:\/\/www.festivalchairs.com\/wp-includes\/images\/media\/default.png","width":750,"height":501,"sizes":{"thumbnail":"https:\/\/www.festivalchairs.com\/app\/uploads\/2019\/04\/WomenInc-2015-10-390x390.jpg","thumbnail-width":390,"thumbnail-height":390,"medium":"https:\/\/www.festivalchairs.com\/app\/uploads\/2019\/04\/WomenInc-2015-10.jpg","medium-width":750,"medium-height":501,"medium_large":"https:\/\/www.festivalchairs.com\/app\/uploads\/2019\/04\/WomenInc-2015-10.jpg","medium_large-width":750,"medium_large-height":501,"large":"https:\/\/www.festivalchairs.com\/app\/uploads\/2019\/04\/WomenInc-2015-10.jpg","large-width":750,"large-height":501,"1536x1536":"https:\/\/www.festivalchairs.com\/app\/uploads\/2019\/04\/WomenInc-2015-10.jpg","1536x1536-width":750,"1536x1536-height":501,"2048x2048":"https:\/\/www.festivalchairs.com\/app\/uploads\/2019\/04\/WomenInc-2015-10.jpg","2048x2048-width":750,"2048x2048-height":501,"xlarge":"https:\/\/www.festivalchairs.com\/app\/uploads\/2019\/04\/WomenInc-2015-10.jpg","xlarge-width":750,"xlarge-height":501,"small":"https:\/\/www.festivalchairs.com\/app\/uploads\/2019\/04\/WomenInc-2015-10.jpg","small-width":400,"small-height":267,"gform-image-choice-sm":"https:\/\/www.festivalchairs.com\/app\/uploads\/2019\/04\/WomenInc-2015-10.jpg","gform-image-choice-sm-width":300,"gform-image-choice-sm-height":200,"gform-image-choice-md":"https:\/\/www.festivalchairs.com\/app\/uploads\/2019\/04\/WomenInc-2015-10.jpg","gform-image-choice-md-width":400,"gform-image-choice-md-height":267,"gform-image-choice-lg":"https:\/\/www.festivalchairs.com\/app\/uploads\/2019\/04\/WomenInc-2015-10.jpg","gform-image-choice-lg-width":600,"gform-image-choice-lg-height":401}}],"logo":{"ID":4211,"id":4211,"title":"logo.small","filename":"logo.small_.png","filesize":1568,"url":"https:\/\/www.festivalchairs.com\/app\/uploads\/2019\/04\/logo.small_.png","link":"https:\/\/www.festivalchairs.com\/fr\/klant\/women-inc\/logo-small\/","alt":"","author":"1","description":"","caption":"","name":"logo-small","status":"inherit","uploaded_to":3801,"date":"2019-04-18 14:11:36","modified":"2019-04-18 14:11:36","menu_order":0,"mime_type":"image\/png","type":"image","subtype":"png","icon":"https:\/\/www.festivalchairs.com\/wp-includes\/images\/media\/default.png","width":143,"height":85,"sizes":{"thumbnail":"https:\/\/www.festivalchairs.com\/app\/uploads\/2019\/04\/logo.small_.png","thumbnail-width":143,"thumbnail-height":85,"medium":"https:\/\/www.festivalchairs.com\/app\/uploads\/2019\/04\/logo.small_.png","medium-width":143,"medium-height":85,"medium_large":"https:\/\/www.festivalchairs.com\/app\/uploads\/2019\/04\/logo.small_.png","medium_large-width":143,"medium_large-height":85,"large":"https:\/\/www.festivalchairs.com\/app\/uploads\/2019\/04\/logo.small_.png","large-width":143,"large-height":85,"1536x1536":"https:\/\/www.festivalchairs.com\/app\/uploads\/2019\/04\/logo.small_.png","1536x1536-width":143,"1536x1536-height":85,"2048x2048":"https:\/\/www.festivalchairs.com\/app\/uploads\/2019\/04\/logo.small_.png","2048x2048-width":143,"2048x2048-height":85,"xlarge":"https:\/\/www.festivalchairs.com\/app\/uploads\/2019\/04\/logo.small_.png","xlarge-width":143,"xlarge-height":85,"small":"https:\/\/www.festivalchairs.com\/app\/uploads\/2019\/04\/logo.small_.png","small-width":143,"small-height":85,"gform-image-choice-sm":"https:\/\/www.festivalchairs.com\/app\/uploads\/2019\/04\/logo.small_.png","gform-image-choice-sm-width":143,"gform-image-choice-sm-height":85,"gform-image-choice-md":"https:\/\/www.festivalchairs.com\/app\/uploads\/2019\/04\/logo.small_.png","gform-image-choice-md-width":143,"gform-image-choice-md-height":85,"gform-image-choice-lg":"https:\/\/www.festivalchairs.com\/app\/uploads\/2019\/04\/logo.small_.png","gform-image-choice-lg-width":143,"gform-image-choice-lg-height":85}}},"_links":{"self":[{"href":"https:\/\/www.festivalchairs.com\/fr\/wp-json\/wp\/v2\/klant\/3801","targetHints":{"allow":["GET"]}}],"collection":[{"href":"https:\/\/www.festivalchairs.com\/fr\/wp-json\/wp\/v2\/klant"}],"about":[{"href":"https:\/\/www.festivalchairs.com\/fr\/wp-json\/wp\/v2\/types\/klant"}],"wp:attachment":[{"href":"https:\/\/www.festivalchairs.com\/fr\/wp-json\/wp\/v2\/media?parent=3801"}],"curies":[{"name":"wp","href":"https:\/\/api.w.org\/{rel}","templated":true}]}}