{"id":3667,"date":"2019-03-14T10:43:45","date_gmt":"2019-03-14T09:43:45","guid":{"rendered":"https:\/\/www.festivalchairs.com\/news\/"},"modified":"2019-10-17T16:27:29","modified_gmt":"2019-10-17T14:27:29","slug":"nos-actualites","status":"publish","type":"page","link":"https:\/\/www.festivalchairs.com\/fr\/nos-actualites\/","title":{"rendered":"Nos actualit\u00e9s"},"content":{"rendered":"<p>Bon nombre d\u2019entreprises consid\u00e8rent les tabourets en carton FestivalChair FSC comme un support\u00a0 de communication cr\u00e9atif et durable pour leur marque. En attestent les photos et les films que nous recevons de nos clients, montrant l\u2019utilisation qu\u2019ils font de ce merveilleux outil de promotion sur les salons professionnels, sur les festivals ou tout autre \u00e9v\u00e9nement important. Nos produits FestivalChair apparaissent \u00e9galement sur diff\u00e9rents types de media et produisent de magnifiques photos. Prenez le temps de d\u00e9couvrir toutes les combinaisons d\u2019utilisation de ce tabouret en carton et inspirez-vous pour cr\u00e9er les v\u00f4tres !<\/p>\n","protected":false},"excerpt":{"rendered":"<p>Bon nombre d\u2019entreprises consid\u00e8rent les tabourets en carton FestivalChair FSC comme un support\u00a0 de communication cr\u00e9atif et durable pour leur marque. En attestent les photos et les films que nous recevons de nos clients, montrant l\u2019utilisation qu\u2019ils font de ce merveilleux outil de promotion sur les salons professionnels, sur les festivals ou tout autre \u00e9v\u00e9nement [&hellip;]<\/p>\n","protected":false},"author":1,"featured_media":0,"parent":0,"menu_order":101,"comment_status":"closed","ping_status":"closed","template":"page_actueel.php","meta":{"_acf_changed":false,"footnotes":""},"class_list":["post-3667","page","type-page","status-publish","hentry"],"acf":[],"yoast_head":"<!-- This site is optimized with the Yoast SEO plugin v27.5 - https:\/\/yoast.com\/product\/yoast-seo-wordpress\/ -->\n<title>Nos actualit\u00e9s - FestivalChairs<\/title>\n<meta name=\"robots\" content=\"index, follow, max-snippet:-1, max-image-preview:large, max-video-preview:-1\" \/>\n<link rel=\"canonical\" href=\"https:\/\/www.festivalchairs.com\/fr\/nos-actualites\/\" \/>\n<meta property=\"og:locale\" content=\"fr_FR\" \/>\n<meta property=\"og:type\" content=\"article\" \/>\n<meta property=\"og:title\" content=\"Nos actualit\u00e9s - FestivalChairs\" \/>\n<meta property=\"og:description\" content=\"Bon nombre d\u2019entreprises consid\u00e8rent les tabourets en carton FestivalChair FSC comme un support\u00a0 de communication cr\u00e9atif et durable pour leur marque. En attestent les photos et les films que nous recevons de nos clients, montrant l\u2019utilisation qu\u2019ils font de ce merveilleux outil de promotion sur les salons professionnels, sur les festivals ou tout autre \u00e9v\u00e9nement [&hellip;]\" \/>\n<meta property=\"og:url\" content=\"https:\/\/www.festivalchairs.com\/fr\/nos-actualites\/\" \/>\n<meta property=\"og:site_name\" content=\"FestivalChairs\" \/>\n<meta property=\"article:publisher\" content=\"https:\/\/www.facebook.com\/festivalchairs\/\" \/>\n<meta property=\"article:modified_time\" content=\"2019-10-17T14:27:29+00:00\" \/>\n<meta name=\"twitter:card\" content=\"summary_large_image\" \/>\n<meta name=\"twitter:site\" content=\"@festivalchairs\" \/>\n<meta name=\"twitter:label1\" content=\"Est. reading time\" \/>\n\t<meta name=\"twitter:data1\" content=\"1 minute\" \/>\n<script type=\"application\/ld+json\" class=\"yoast-schema-graph\">{\"@context\":\"https:\\\/\\\/schema.org\",\"@graph\":[{\"@type\":\"WebPage\",\"@id\":\"https:\\\/\\\/www.festivalchairs.com\\\/fr\\\/nos-actualites\\\/\",\"url\":\"https:\\\/\\\/www.festivalchairs.com\\\/fr\\\/nos-actualites\\\/\",\"name\":\"Nos actualit\u00e9s - FestivalChairs\",\"isPartOf\":{\"@id\":\"https:\\\/\\\/www.festivalchairs.com\\\/fr\\\/#website\"},\"datePublished\":\"2019-03-14T09:43:45+00:00\",\"dateModified\":\"2019-10-17T14:27:29+00:00\",\"breadcrumb\":{\"@id\":\"https:\\\/\\\/www.festivalchairs.com\\\/fr\\\/nos-actualites\\\/#breadcrumb\"},\"inLanguage\":\"fr-FR\",\"potentialAction\":[{\"@type\":\"ReadAction\",\"target\":[\"https:\\\/\\\/www.festivalchairs.com\\\/fr\\\/nos-actualites\\\/\"]}]},{\"@type\":\"BreadcrumbList\",\"@id\":\"https:\\\/\\\/www.festivalchairs.com\\\/fr\\\/nos-actualites\\\/#breadcrumb\",\"itemListElement\":[{\"@type\":\"ListItem\",\"position\":1,\"name\":\"Home\",\"item\":\"https:\\\/\\\/www.festivalchairs.com\\\/fr\\\/\"},{\"@type\":\"ListItem\",\"position\":2,\"name\":\"Nos actualit\u00e9s\"}]},{\"@type\":\"WebSite\",\"@id\":\"https:\\\/\\\/www.festivalchairs.com\\\/fr\\\/#website\",\"url\":\"https:\\\/\\\/www.festivalchairs.com\\\/fr\\\/\",\"name\":\"FestivalChairs\",\"description\":\"Het krukje dat iedereen ziet zitten!\",\"publisher\":{\"@id\":\"https:\\\/\\\/www.festivalchairs.com\\\/fr\\\/#organization\"},\"potentialAction\":[{\"@type\":\"SearchAction\",\"target\":{\"@type\":\"EntryPoint\",\"urlTemplate\":\"https:\\\/\\\/www.festivalchairs.com\\\/fr\\\/?s={search_term_string}\"},\"query-input\":{\"@type\":\"PropertyValueSpecification\",\"valueRequired\":true,\"valueName\":\"search_term_string\"}}],\"inLanguage\":\"fr-FR\"},{\"@type\":\"Organization\",\"@id\":\"https:\\\/\\\/www.festivalchairs.com\\\/fr\\\/#organization\",\"name\":\"FestivalChairs\",\"url\":\"https:\\\/\\\/www.festivalchairs.com\\\/fr\\\/\",\"logo\":{\"@type\":\"ImageObject\",\"inLanguage\":\"fr-FR\",\"@id\":\"https:\\\/\\\/www.festivalchairs.com\\\/fr\\\/#\\\/schema\\\/logo\\\/image\\\/\",\"url\":\"https:\\\/\\\/www.festivalchairs.com\\\/app\\\/uploads\\\/2020\\\/01\\\/logo-en-light-hd.png\",\"contentUrl\":\"https:\\\/\\\/www.festivalchairs.com\\\/app\\\/uploads\\\/2020\\\/01\\\/logo-en-light-hd.png\",\"width\":458,\"height\":64,\"caption\":\"FestivalChairs\"},\"image\":{\"@id\":\"https:\\\/\\\/www.festivalchairs.com\\\/fr\\\/#\\\/schema\\\/logo\\\/image\\\/\"},\"sameAs\":[\"https:\\\/\\\/www.facebook.com\\\/festivalchairs\\\/\",\"https:\\\/\\\/x.com\\\/festivalchairs\",\"https:\\\/\\\/www.youtube.com\\\/user\\\/FestivalChairs\"]}]}<\/script>\n<!-- \/ Yoast SEO plugin. -->","yoast_head_json":{"title":"Nos actualit\u00e9s - FestivalChairs","robots":{"index":"index","follow":"follow","max-snippet":"max-snippet:-1","max-image-preview":"max-image-preview:large","max-video-preview":"max-video-preview:-1"},"canonical":"https:\/\/www.festivalchairs.com\/fr\/nos-actualites\/","og_locale":"fr_FR","og_type":"article","og_title":"Nos actualit\u00e9s - FestivalChairs","og_description":"Bon nombre d\u2019entreprises consid\u00e8rent les tabourets en carton FestivalChair FSC comme un support\u00a0 de communication cr\u00e9atif et durable pour leur marque. En attestent les photos et les films que nous recevons de nos clients, montrant l\u2019utilisation qu\u2019ils font de ce merveilleux outil de promotion sur les salons professionnels, sur les festivals ou tout autre \u00e9v\u00e9nement [&hellip;]","og_url":"https:\/\/www.festivalchairs.com\/fr\/nos-actualites\/","og_site_name":"FestivalChairs","article_publisher":"https:\/\/www.facebook.com\/festivalchairs\/","article_modified_time":"2019-10-17T14:27:29+00:00","twitter_card":"summary_large_image","twitter_site":"@festivalchairs","twitter_misc":{"Est. reading time":"1 minute"},"schema":{"@context":"https:\/\/schema.org","@graph":[{"@type":"WebPage","@id":"https:\/\/www.festivalchairs.com\/fr\/nos-actualites\/","url":"https:\/\/www.festivalchairs.com\/fr\/nos-actualites\/","name":"Nos actualit\u00e9s - FestivalChairs","isPartOf":{"@id":"https:\/\/www.festivalchairs.com\/fr\/#website"},"datePublished":"2019-03-14T09:43:45+00:00","dateModified":"2019-10-17T14:27:29+00:00","breadcrumb":{"@id":"https:\/\/www.festivalchairs.com\/fr\/nos-actualites\/#breadcrumb"},"inLanguage":"fr-FR","potentialAction":[{"@type":"ReadAction","target":["https:\/\/www.festivalchairs.com\/fr\/nos-actualites\/"]}]},{"@type":"BreadcrumbList","@id":"https:\/\/www.festivalchairs.com\/fr\/nos-actualites\/#breadcrumb","itemListElement":[{"@type":"ListItem","position":1,"name":"Home","item":"https:\/\/www.festivalchairs.com\/fr\/"},{"@type":"ListItem","position":2,"name":"Nos actualit\u00e9s"}]},{"@type":"WebSite","@id":"https:\/\/www.festivalchairs.com\/fr\/#website","url":"https:\/\/www.festivalchairs.com\/fr\/","name":"FestivalChairs","description":"Het krukje dat iedereen ziet zitten!","publisher":{"@id":"https:\/\/www.festivalchairs.com\/fr\/#organization"},"potentialAction":[{"@type":"SearchAction","target":{"@type":"EntryPoint","urlTemplate":"https:\/\/www.festivalchairs.com\/fr\/?s={search_term_string}"},"query-input":{"@type":"PropertyValueSpecification","valueRequired":true,"valueName":"search_term_string"}}],"inLanguage":"fr-FR"},{"@type":"Organization","@id":"https:\/\/www.festivalchairs.com\/fr\/#organization","name":"FestivalChairs","url":"https:\/\/www.festivalchairs.com\/fr\/","logo":{"@type":"ImageObject","inLanguage":"fr-FR","@id":"https:\/\/www.festivalchairs.com\/fr\/#\/schema\/logo\/image\/","url":"https:\/\/www.festivalchairs.com\/app\/uploads\/2020\/01\/logo-en-light-hd.png","contentUrl":"https:\/\/www.festivalchairs.com\/app\/uploads\/2020\/01\/logo-en-light-hd.png","width":458,"height":64,"caption":"FestivalChairs"},"image":{"@id":"https:\/\/www.festivalchairs.com\/fr\/#\/schema\/logo\/image\/"},"sameAs":["https:\/\/www.facebook.com\/festivalchairs\/","https:\/\/x.com\/festivalchairs","https:\/\/www.youtube.com\/user\/FestivalChairs"]}]}},"_links":{"self":[{"href":"https:\/\/www.festivalchairs.com\/fr\/wp-json\/wp\/v2\/pages\/3667","targetHints":{"allow":["GET"]}}],"collection":[{"href":"https:\/\/www.festivalchairs.com\/fr\/wp-json\/wp\/v2\/pages"}],"about":[{"href":"https:\/\/www.festivalchairs.com\/fr\/wp-json\/wp\/v2\/types\/page"}],"author":[{"embeddable":true,"href":"https:\/\/www.festivalchairs.com\/fr\/wp-json\/wp\/v2\/users\/1"}],"replies":[{"embeddable":true,"href":"https:\/\/www.festivalchairs.com\/fr\/wp-json\/wp\/v2\/comments?post=3667"}],"version-history":[{"count":0,"href":"https:\/\/www.festivalchairs.com\/fr\/wp-json\/wp\/v2\/pages\/3667\/revisions"}],"wp:attachment":[{"href":"https:\/\/www.festivalchairs.com\/fr\/wp-json\/wp\/v2\/media?parent=3667"}],"curies":[{"name":"wp","href":"https:\/\/api.w.org\/{rel}","templated":true}]}}