{"id":3678,"date":"2019-01-29T16:21:41","date_gmt":"2019-01-29T15:21:41","guid":{"rendered":"https:\/\/www.festivalchairs.com\/request-a-quote\/"},"modified":"2019-12-10T13:40:47","modified_gmt":"2019-12-10T12:40:47","slug":"be-om-pristilbud","status":"publish","type":"page","link":"https:\/\/www.festivalchairs.com\/no\/be-om-pristilbud\/","title":{"rendered":"Be om pristilbud"},"content":{"rendered":"<p>Er du interessert i pappkrakker med trykk til et arrangement, en kongress, en festival eller andre anledninger? \u00d8nsker du r\u00e5d om en skreddersydd FestivalChair og \u00f8nsker du \u00e5 utstyre pappkrakkene med en inspirerende tekst, et bilde eller en annen kul design som passer til stilen du \u00f8nsker \u00e5 utstr\u00e5le? Ta da kontakt p\u00e5 023-5251400 eller be om et pristilbud via nettsiden. Vi ser gjerne sammen med deg p\u00e5 hvordan disse pappkrakkene byr for din bedrift, ditt merke eller ditt produkt!<\/p>\n","protected":false},"excerpt":{"rendered":"<p>Er du interessert i pappkrakker med trykk til et arrangement, en kongress, en festival eller andre anledninger? \u00d8nsker du r\u00e5d om en skreddersydd FestivalChair og \u00f8nsker du \u00e5 utstyre pappkrakkene med en inspirerende tekst, et bilde eller en annen kul design som passer til stilen du \u00f8nsker \u00e5 utstr\u00e5le? Ta da kontakt p\u00e5 023-5251400 eller [&hellip;]<\/p>\n","protected":false},"author":1,"featured_media":0,"parent":0,"menu_order":113,"comment_status":"closed","ping_status":"closed","template":"page_offerte.php","meta":{"_acf_changed":false,"footnotes":""},"class_list":["post-3678","page","type-page","status-publish","hentry"],"acf":[],"yoast_head":"<!-- This site is optimized with the Yoast SEO plugin v27.5 - https:\/\/yoast.com\/product\/yoast-seo-wordpress\/ -->\n<title>Be om pristilbud - FestivalChairs<\/title>\n<meta name=\"robots\" content=\"index, follow, max-snippet:-1, max-image-preview:large, max-video-preview:-1\" \/>\n<link rel=\"canonical\" href=\"https:\/\/www.festivalchairs.com\/no\/be-om-pristilbud\/\" \/>\n<meta property=\"og:locale\" content=\"nb_NO\" \/>\n<meta property=\"og:type\" content=\"article\" \/>\n<meta property=\"og:title\" content=\"Be om pristilbud - FestivalChairs\" \/>\n<meta property=\"og:description\" content=\"Er du interessert i pappkrakker med trykk til et arrangement, en kongress, en festival eller andre anledninger? \u00d8nsker du r\u00e5d om en skreddersydd FestivalChair og \u00f8nsker du \u00e5 utstyre pappkrakkene med en inspirerende tekst, et bilde eller en annen kul design som passer til stilen du \u00f8nsker \u00e5 utstr\u00e5le? Ta da kontakt p\u00e5 023-5251400 eller [&hellip;]\" \/>\n<meta property=\"og:url\" content=\"https:\/\/www.festivalchairs.com\/no\/be-om-pristilbud\/\" \/>\n<meta property=\"og:site_name\" content=\"FestivalChairs\" \/>\n<meta property=\"article:publisher\" content=\"https:\/\/www.facebook.com\/festivalchairs\/\" \/>\n<meta property=\"article:modified_time\" content=\"2019-12-10T12:40:47+00:00\" \/>\n<meta name=\"twitter:card\" content=\"summary_large_image\" \/>\n<meta name=\"twitter:site\" content=\"@festivalchairs\" \/>\n<script type=\"application\/ld+json\" class=\"yoast-schema-graph\">{\"@context\":\"https:\\\/\\\/schema.org\",\"@graph\":[{\"@type\":\"WebPage\",\"@id\":\"https:\\\/\\\/www.festivalchairs.com\\\/no\\\/be-om-pristilbud\\\/\",\"url\":\"https:\\\/\\\/www.festivalchairs.com\\\/no\\\/be-om-pristilbud\\\/\",\"name\":\"Be om pristilbud - FestivalChairs\",\"isPartOf\":{\"@id\":\"https:\\\/\\\/www.festivalchairs.com\\\/no\\\/#website\"},\"datePublished\":\"2019-01-29T15:21:41+00:00\",\"dateModified\":\"2019-12-10T12:40:47+00:00\",\"breadcrumb\":{\"@id\":\"https:\\\/\\\/www.festivalchairs.com\\\/no\\\/be-om-pristilbud\\\/#breadcrumb\"},\"inLanguage\":\"nb-NO\",\"potentialAction\":[{\"@type\":\"ReadAction\",\"target\":[\"https:\\\/\\\/www.festivalchairs.com\\\/no\\\/be-om-pristilbud\\\/\"]}]},{\"@type\":\"BreadcrumbList\",\"@id\":\"https:\\\/\\\/www.festivalchairs.com\\\/no\\\/be-om-pristilbud\\\/#breadcrumb\",\"itemListElement\":[{\"@type\":\"ListItem\",\"position\":1,\"name\":\"Home\",\"item\":\"https:\\\/\\\/www.festivalchairs.com\\\/no\\\/\"},{\"@type\":\"ListItem\",\"position\":2,\"name\":\"Be om pristilbud\"}]},{\"@type\":\"WebSite\",\"@id\":\"https:\\\/\\\/www.festivalchairs.com\\\/no\\\/#website\",\"url\":\"https:\\\/\\\/www.festivalchairs.com\\\/no\\\/\",\"name\":\"FestivalChairs\",\"description\":\"Het krukje dat iedereen ziet zitten!\",\"publisher\":{\"@id\":\"https:\\\/\\\/www.festivalchairs.com\\\/no\\\/#organization\"},\"potentialAction\":[{\"@type\":\"SearchAction\",\"target\":{\"@type\":\"EntryPoint\",\"urlTemplate\":\"https:\\\/\\\/www.festivalchairs.com\\\/no\\\/?s={search_term_string}\"},\"query-input\":{\"@type\":\"PropertyValueSpecification\",\"valueRequired\":true,\"valueName\":\"search_term_string\"}}],\"inLanguage\":\"nb-NO\"},{\"@type\":\"Organization\",\"@id\":\"https:\\\/\\\/www.festivalchairs.com\\\/no\\\/#organization\",\"name\":\"FestivalChairs\",\"url\":\"https:\\\/\\\/www.festivalchairs.com\\\/no\\\/\",\"logo\":{\"@type\":\"ImageObject\",\"inLanguage\":\"nb-NO\",\"@id\":\"https:\\\/\\\/www.festivalchairs.com\\\/no\\\/#\\\/schema\\\/logo\\\/image\\\/\",\"url\":\"https:\\\/\\\/www.festivalchairs.com\\\/app\\\/uploads\\\/2020\\\/01\\\/logo-en-light-hd.png\",\"contentUrl\":\"https:\\\/\\\/www.festivalchairs.com\\\/app\\\/uploads\\\/2020\\\/01\\\/logo-en-light-hd.png\",\"width\":458,\"height\":64,\"caption\":\"FestivalChairs\"},\"image\":{\"@id\":\"https:\\\/\\\/www.festivalchairs.com\\\/no\\\/#\\\/schema\\\/logo\\\/image\\\/\"},\"sameAs\":[\"https:\\\/\\\/www.facebook.com\\\/festivalchairs\\\/\",\"https:\\\/\\\/x.com\\\/festivalchairs\",\"https:\\\/\\\/www.youtube.com\\\/user\\\/FestivalChairs\"]}]}<\/script>\n<!-- \/ Yoast SEO plugin. -->","yoast_head_json":{"title":"Be om pristilbud - FestivalChairs","robots":{"index":"index","follow":"follow","max-snippet":"max-snippet:-1","max-image-preview":"max-image-preview:large","max-video-preview":"max-video-preview:-1"},"canonical":"https:\/\/www.festivalchairs.com\/no\/be-om-pristilbud\/","og_locale":"nb_NO","og_type":"article","og_title":"Be om pristilbud - FestivalChairs","og_description":"Er du interessert i pappkrakker med trykk til et arrangement, en kongress, en festival eller andre anledninger? \u00d8nsker du r\u00e5d om en skreddersydd FestivalChair og \u00f8nsker du \u00e5 utstyre pappkrakkene med en inspirerende tekst, et bilde eller en annen kul design som passer til stilen du \u00f8nsker \u00e5 utstr\u00e5le? Ta da kontakt p\u00e5 023-5251400 eller [&hellip;]","og_url":"https:\/\/www.festivalchairs.com\/no\/be-om-pristilbud\/","og_site_name":"FestivalChairs","article_publisher":"https:\/\/www.facebook.com\/festivalchairs\/","article_modified_time":"2019-12-10T12:40:47+00:00","twitter_card":"summary_large_image","twitter_site":"@festivalchairs","schema":{"@context":"https:\/\/schema.org","@graph":[{"@type":"WebPage","@id":"https:\/\/www.festivalchairs.com\/no\/be-om-pristilbud\/","url":"https:\/\/www.festivalchairs.com\/no\/be-om-pristilbud\/","name":"Be om pristilbud - FestivalChairs","isPartOf":{"@id":"https:\/\/www.festivalchairs.com\/no\/#website"},"datePublished":"2019-01-29T15:21:41+00:00","dateModified":"2019-12-10T12:40:47+00:00","breadcrumb":{"@id":"https:\/\/www.festivalchairs.com\/no\/be-om-pristilbud\/#breadcrumb"},"inLanguage":"nb-NO","potentialAction":[{"@type":"ReadAction","target":["https:\/\/www.festivalchairs.com\/no\/be-om-pristilbud\/"]}]},{"@type":"BreadcrumbList","@id":"https:\/\/www.festivalchairs.com\/no\/be-om-pristilbud\/#breadcrumb","itemListElement":[{"@type":"ListItem","position":1,"name":"Home","item":"https:\/\/www.festivalchairs.com\/no\/"},{"@type":"ListItem","position":2,"name":"Be om pristilbud"}]},{"@type":"WebSite","@id":"https:\/\/www.festivalchairs.com\/no\/#website","url":"https:\/\/www.festivalchairs.com\/no\/","name":"FestivalChairs","description":"Het krukje dat iedereen ziet zitten!","publisher":{"@id":"https:\/\/www.festivalchairs.com\/no\/#organization"},"potentialAction":[{"@type":"SearchAction","target":{"@type":"EntryPoint","urlTemplate":"https:\/\/www.festivalchairs.com\/no\/?s={search_term_string}"},"query-input":{"@type":"PropertyValueSpecification","valueRequired":true,"valueName":"search_term_string"}}],"inLanguage":"nb-NO"},{"@type":"Organization","@id":"https:\/\/www.festivalchairs.com\/no\/#organization","name":"FestivalChairs","url":"https:\/\/www.festivalchairs.com\/no\/","logo":{"@type":"ImageObject","inLanguage":"nb-NO","@id":"https:\/\/www.festivalchairs.com\/no\/#\/schema\/logo\/image\/","url":"https:\/\/www.festivalchairs.com\/app\/uploads\/2020\/01\/logo-en-light-hd.png","contentUrl":"https:\/\/www.festivalchairs.com\/app\/uploads\/2020\/01\/logo-en-light-hd.png","width":458,"height":64,"caption":"FestivalChairs"},"image":{"@id":"https:\/\/www.festivalchairs.com\/no\/#\/schema\/logo\/image\/"},"sameAs":["https:\/\/www.facebook.com\/festivalchairs\/","https:\/\/x.com\/festivalchairs","https:\/\/www.youtube.com\/user\/FestivalChairs"]}]}},"_links":{"self":[{"href":"https:\/\/www.festivalchairs.com\/no\/wp-json\/wp\/v2\/pages\/3678","targetHints":{"allow":["GET"]}}],"collection":[{"href":"https:\/\/www.festivalchairs.com\/no\/wp-json\/wp\/v2\/pages"}],"about":[{"href":"https:\/\/www.festivalchairs.com\/no\/wp-json\/wp\/v2\/types\/page"}],"author":[{"embeddable":true,"href":"https:\/\/www.festivalchairs.com\/no\/wp-json\/wp\/v2\/users\/1"}],"replies":[{"embeddable":true,"href":"https:\/\/www.festivalchairs.com\/no\/wp-json\/wp\/v2\/comments?post=3678"}],"version-history":[{"count":0,"href":"https:\/\/www.festivalchairs.com\/no\/wp-json\/wp\/v2\/pages\/3678\/revisions"}],"wp:attachment":[{"href":"https:\/\/www.festivalchairs.com\/no\/wp-json\/wp\/v2\/media?parent=3678"}],"curies":[{"name":"wp","href":"https:\/\/api.w.org\/{rel}","templated":true}]}}