{"id":3640,"date":"2019-04-10T11:02:28","date_gmt":"2019-04-10T09:02:28","guid":{"rendered":"https:\/\/www.festivalchairs.com\/sustainability\/"},"modified":"2019-10-18T12:16:34","modified_gmt":"2019-10-18T10:16:34","slug":"sustainability","status":"publish","type":"page","link":"https:\/\/www.festivalchairs.com\/sv\/sustainability\/","title":{"rendered":"Hos timon enterprise satsar vi p\u00e5 h\u00e5llbarhet"},"content":{"rendered":"<p>Timon Enterprise st\u00e5r f\u00f6r h\u00e5llbara, praktiska produkter som utm\u00e4rker sig genom sin enkelhet och sk\u00f6nhet. Design till \u00f6verkomliga priser som \u00e4r tillg\u00e4nglig f\u00f6r en stor grupp m\u00e4nniskor. Vi \u00e4r ett h\u00e5llbart f\u00f6retag som medvetet v\u00e4ljer att tillverka sina produkter i Nederl\u00e4nderna. Dessutom har vi lagt ut all hantering och lagerh\u00e5llning till en skyddad verkstad i Amsterdam.<\/p>\n<p>Respekt f\u00f6r m\u00e4nniskor och milj\u00f6 \u00e4r ett grundl\u00e4ggande villkor f\u00f6r oss. Festival-pallarna \u00e4r 100 % \u00e5tervinningsbara, och de tillverkas huvudsakligen av \u00e5tervunnet papper. Dessutom har de h\u00e5llbara pallarna tillverkats av 100 % FSC-certifierad kartong. D\u00e4rmed ansluter vi till den cirkul\u00e4ra ekonomin.<\/p>\n","protected":false},"excerpt":{"rendered":"<p>Timon Enterprise st\u00e5r f\u00f6r h\u00e5llbara, praktiska produkter som utm\u00e4rker sig genom sin enkelhet och sk\u00f6nhet. Design till \u00f6verkomliga priser som \u00e4r tillg\u00e4nglig f\u00f6r en stor grupp m\u00e4nniskor. Vi \u00e4r ett h\u00e5llbart f\u00f6retag som medvetet v\u00e4ljer att tillverka sina produkter i Nederl\u00e4nderna. Dessutom har vi lagt ut all hantering och lagerh\u00e5llning till en skyddad verkstad i [&hellip;]<\/p>\n","protected":false},"author":1,"featured_media":0,"parent":0,"menu_order":26,"comment_status":"closed","ping_status":"closed","template":"","meta":{"_acf_changed":false,"footnotes":""},"class_list":["post-3640","page","type-page","status-publish","hentry"],"acf":[],"yoast_head":"<!-- This site is optimized with the Yoast SEO plugin v27.5 - https:\/\/yoast.com\/product\/yoast-seo-wordpress\/ -->\n<title>Hos timon enterprise satsar vi p\u00e5 h\u00e5llbarhet - FestivalChairs<\/title>\n<meta name=\"robots\" content=\"index, follow, max-snippet:-1, max-image-preview:large, max-video-preview:-1\" \/>\n<link rel=\"canonical\" href=\"https:\/\/www.festivalchairs.com\/sv\/sustainability\/\" \/>\n<meta property=\"og:locale\" content=\"sv_SE\" \/>\n<meta property=\"og:type\" content=\"article\" \/>\n<meta property=\"og:title\" content=\"Hos timon enterprise satsar vi p\u00e5 h\u00e5llbarhet - FestivalChairs\" \/>\n<meta property=\"og:description\" content=\"Timon Enterprise st\u00e5r f\u00f6r h\u00e5llbara, praktiska produkter som utm\u00e4rker sig genom sin enkelhet och sk\u00f6nhet. Design till \u00f6verkomliga priser som \u00e4r tillg\u00e4nglig f\u00f6r en stor grupp m\u00e4nniskor. Vi \u00e4r ett h\u00e5llbart f\u00f6retag som medvetet v\u00e4ljer att tillverka sina produkter i Nederl\u00e4nderna. Dessutom har vi lagt ut all hantering och lagerh\u00e5llning till en skyddad verkstad i [&hellip;]\" \/>\n<meta property=\"og:url\" content=\"https:\/\/www.festivalchairs.com\/sv\/sustainability\/\" \/>\n<meta property=\"og:site_name\" content=\"FestivalChairs\" \/>\n<meta property=\"article:publisher\" content=\"https:\/\/www.facebook.com\/festivalchairs\/\" \/>\n<meta property=\"article:modified_time\" content=\"2019-10-18T10:16:34+00:00\" \/>\n<meta name=\"twitter:card\" content=\"summary_large_image\" \/>\n<meta name=\"twitter:site\" content=\"@festivalchairs\" \/>\n<meta name=\"twitter:label1\" content=\"Est. reading time\" \/>\n\t<meta name=\"twitter:data1\" content=\"1 minute\" \/>\n<script type=\"application\/ld+json\" class=\"yoast-schema-graph\">{\"@context\":\"https:\\\/\\\/schema.org\",\"@graph\":[{\"@type\":\"WebPage\",\"@id\":\"https:\\\/\\\/www.festivalchairs.com\\\/sv\\\/sustainability\\\/\",\"url\":\"https:\\\/\\\/www.festivalchairs.com\\\/sv\\\/sustainability\\\/\",\"name\":\"Hos timon enterprise satsar vi p\u00e5 h\u00e5llbarhet - FestivalChairs\",\"isPartOf\":{\"@id\":\"https:\\\/\\\/www.festivalchairs.com\\\/sv\\\/#website\"},\"datePublished\":\"2019-04-10T09:02:28+00:00\",\"dateModified\":\"2019-10-18T10:16:34+00:00\",\"breadcrumb\":{\"@id\":\"https:\\\/\\\/www.festivalchairs.com\\\/sv\\\/sustainability\\\/#breadcrumb\"},\"inLanguage\":\"sv-SE\",\"potentialAction\":[{\"@type\":\"ReadAction\",\"target\":[\"https:\\\/\\\/www.festivalchairs.com\\\/sv\\\/sustainability\\\/\"]}]},{\"@type\":\"BreadcrumbList\",\"@id\":\"https:\\\/\\\/www.festivalchairs.com\\\/sv\\\/sustainability\\\/#breadcrumb\",\"itemListElement\":[{\"@type\":\"ListItem\",\"position\":1,\"name\":\"Home\",\"item\":\"https:\\\/\\\/festivalchairs.com\\\/sv\\\/\"},{\"@type\":\"ListItem\",\"position\":2,\"name\":\"Hos timon enterprise satsar vi p\u00e5 h\u00e5llbarhet\"}]},{\"@type\":\"WebSite\",\"@id\":\"https:\\\/\\\/www.festivalchairs.com\\\/sv\\\/#website\",\"url\":\"https:\\\/\\\/www.festivalchairs.com\\\/sv\\\/\",\"name\":\"FestivalChairs\",\"description\":\"Het krukje dat iedereen ziet zitten!\",\"publisher\":{\"@id\":\"https:\\\/\\\/www.festivalchairs.com\\\/sv\\\/#organization\"},\"potentialAction\":[{\"@type\":\"SearchAction\",\"target\":{\"@type\":\"EntryPoint\",\"urlTemplate\":\"https:\\\/\\\/www.festivalchairs.com\\\/sv\\\/?s={search_term_string}\"},\"query-input\":{\"@type\":\"PropertyValueSpecification\",\"valueRequired\":true,\"valueName\":\"search_term_string\"}}],\"inLanguage\":\"sv-SE\"},{\"@type\":\"Organization\",\"@id\":\"https:\\\/\\\/www.festivalchairs.com\\\/sv\\\/#organization\",\"name\":\"FestivalChairs\",\"url\":\"https:\\\/\\\/www.festivalchairs.com\\\/sv\\\/\",\"logo\":{\"@type\":\"ImageObject\",\"inLanguage\":\"sv-SE\",\"@id\":\"https:\\\/\\\/www.festivalchairs.com\\\/sv\\\/#\\\/schema\\\/logo\\\/image\\\/\",\"url\":\"https:\\\/\\\/www.festivalchairs.com\\\/app\\\/uploads\\\/2020\\\/01\\\/logo-en-light-hd.png\",\"contentUrl\":\"https:\\\/\\\/www.festivalchairs.com\\\/app\\\/uploads\\\/2020\\\/01\\\/logo-en-light-hd.png\",\"width\":458,\"height\":64,\"caption\":\"FestivalChairs\"},\"image\":{\"@id\":\"https:\\\/\\\/www.festivalchairs.com\\\/sv\\\/#\\\/schema\\\/logo\\\/image\\\/\"},\"sameAs\":[\"https:\\\/\\\/www.facebook.com\\\/festivalchairs\\\/\",\"https:\\\/\\\/x.com\\\/festivalchairs\",\"https:\\\/\\\/www.youtube.com\\\/user\\\/FestivalChairs\"]}]}<\/script>\n<!-- \/ Yoast SEO plugin. -->","yoast_head_json":{"title":"Hos timon enterprise satsar vi p\u00e5 h\u00e5llbarhet - FestivalChairs","robots":{"index":"index","follow":"follow","max-snippet":"max-snippet:-1","max-image-preview":"max-image-preview:large","max-video-preview":"max-video-preview:-1"},"canonical":"https:\/\/www.festivalchairs.com\/sv\/sustainability\/","og_locale":"sv_SE","og_type":"article","og_title":"Hos timon enterprise satsar vi p\u00e5 h\u00e5llbarhet - FestivalChairs","og_description":"Timon Enterprise st\u00e5r f\u00f6r h\u00e5llbara, praktiska produkter som utm\u00e4rker sig genom sin enkelhet och sk\u00f6nhet. Design till \u00f6verkomliga priser som \u00e4r tillg\u00e4nglig f\u00f6r en stor grupp m\u00e4nniskor. Vi \u00e4r ett h\u00e5llbart f\u00f6retag som medvetet v\u00e4ljer att tillverka sina produkter i Nederl\u00e4nderna. Dessutom har vi lagt ut all hantering och lagerh\u00e5llning till en skyddad verkstad i [&hellip;]","og_url":"https:\/\/www.festivalchairs.com\/sv\/sustainability\/","og_site_name":"FestivalChairs","article_publisher":"https:\/\/www.facebook.com\/festivalchairs\/","article_modified_time":"2019-10-18T10:16:34+00:00","twitter_card":"summary_large_image","twitter_site":"@festivalchairs","twitter_misc":{"Est. reading time":"1 minute"},"schema":{"@context":"https:\/\/schema.org","@graph":[{"@type":"WebPage","@id":"https:\/\/www.festivalchairs.com\/sv\/sustainability\/","url":"https:\/\/www.festivalchairs.com\/sv\/sustainability\/","name":"Hos timon enterprise satsar vi p\u00e5 h\u00e5llbarhet - FestivalChairs","isPartOf":{"@id":"https:\/\/www.festivalchairs.com\/sv\/#website"},"datePublished":"2019-04-10T09:02:28+00:00","dateModified":"2019-10-18T10:16:34+00:00","breadcrumb":{"@id":"https:\/\/www.festivalchairs.com\/sv\/sustainability\/#breadcrumb"},"inLanguage":"sv-SE","potentialAction":[{"@type":"ReadAction","target":["https:\/\/www.festivalchairs.com\/sv\/sustainability\/"]}]},{"@type":"BreadcrumbList","@id":"https:\/\/www.festivalchairs.com\/sv\/sustainability\/#breadcrumb","itemListElement":[{"@type":"ListItem","position":1,"name":"Home","item":"https:\/\/festivalchairs.com\/sv\/"},{"@type":"ListItem","position":2,"name":"Hos timon enterprise satsar vi p\u00e5 h\u00e5llbarhet"}]},{"@type":"WebSite","@id":"https:\/\/www.festivalchairs.com\/sv\/#website","url":"https:\/\/www.festivalchairs.com\/sv\/","name":"FestivalChairs","description":"Het krukje dat iedereen ziet zitten!","publisher":{"@id":"https:\/\/www.festivalchairs.com\/sv\/#organization"},"potentialAction":[{"@type":"SearchAction","target":{"@type":"EntryPoint","urlTemplate":"https:\/\/www.festivalchairs.com\/sv\/?s={search_term_string}"},"query-input":{"@type":"PropertyValueSpecification","valueRequired":true,"valueName":"search_term_string"}}],"inLanguage":"sv-SE"},{"@type":"Organization","@id":"https:\/\/www.festivalchairs.com\/sv\/#organization","name":"FestivalChairs","url":"https:\/\/www.festivalchairs.com\/sv\/","logo":{"@type":"ImageObject","inLanguage":"sv-SE","@id":"https:\/\/www.festivalchairs.com\/sv\/#\/schema\/logo\/image\/","url":"https:\/\/www.festivalchairs.com\/app\/uploads\/2020\/01\/logo-en-light-hd.png","contentUrl":"https:\/\/www.festivalchairs.com\/app\/uploads\/2020\/01\/logo-en-light-hd.png","width":458,"height":64,"caption":"FestivalChairs"},"image":{"@id":"https:\/\/www.festivalchairs.com\/sv\/#\/schema\/logo\/image\/"},"sameAs":["https:\/\/www.facebook.com\/festivalchairs\/","https:\/\/x.com\/festivalchairs","https:\/\/www.youtube.com\/user\/FestivalChairs"]}]}},"_links":{"self":[{"href":"https:\/\/www.festivalchairs.com\/sv\/wp-json\/wp\/v2\/pages\/3640","targetHints":{"allow":["GET"]}}],"collection":[{"href":"https:\/\/www.festivalchairs.com\/sv\/wp-json\/wp\/v2\/pages"}],"about":[{"href":"https:\/\/www.festivalchairs.com\/sv\/wp-json\/wp\/v2\/types\/page"}],"author":[{"embeddable":true,"href":"https:\/\/www.festivalchairs.com\/sv\/wp-json\/wp\/v2\/users\/1"}],"replies":[{"embeddable":true,"href":"https:\/\/www.festivalchairs.com\/sv\/wp-json\/wp\/v2\/comments?post=3640"}],"version-history":[{"count":0,"href":"https:\/\/www.festivalchairs.com\/sv\/wp-json\/wp\/v2\/pages\/3640\/revisions"}],"wp:attachment":[{"href":"https:\/\/www.festivalchairs.com\/sv\/wp-json\/wp\/v2\/media?parent=3640"}],"curies":[{"name":"wp","href":"https:\/\/api.w.org\/{rel}","templated":true}]}}